{"id":372,"date":"2022-03-07T14:00:35","date_gmt":"2022-03-07T14:00:35","guid":{"rendered":"https:\/\/katharina-dickopf.de\/?page_id=372"},"modified":"2026-08-20T22:21:43","modified_gmt":"2026-08-20T22:21:43","slug":"calendar","status":"publish","type":"page","link":"https:\/\/katharina-dickopf.de\/en\/calendar\/","title":{"rendered":"Calendar"},"content":{"rendered":"<p>[et_pb_section fb_built=&#8221;1&#8243; _builder_version=&#8221;4.16&#8243; _module_preset=&#8221;3376e70d-acd3-463d-b032-eeddaad5da02&#8243; background_image=&#8221;https:\/\/katharina-dickopf.de\/wp-content\/uploads\/2022\/03\/Katharina_Portra\u0308ts_43.jpg&#8221; custom_css_main_element=&#8221;background-position-y: 30%;&#8221; global_colors_info=&#8221;{}&#8221;][et_pb_row _builder_version=&#8221;4.16&#8243; _module_preset=&#8221;eb66aec8-53df-41a2-80db-7992b854f6c0&#8243; global_colors_info=&#8221;{}&#8221;][et_pb_column type=&#8221;4_4&#8243; _builder_version=&#8221;4.16&#8243; _module_preset=&#8221;default&#8221; global_colors_info=&#8221;{}&#8221;][et_pb_text _builder_version=&#8221;4.16&#8243; _dynamic_attributes=&#8221;content&#8221; _module_preset=&#8221;518cdac8-3628-4fe8-87f8-b46b2c74303a&#8221; global_colors_info=&#8221;{}&#8221;]@ET-DC@eyJkeW5hbWljIjp0cnVlLCJjb250ZW50IjoicG9zdF90aXRsZSIsInNldHRpbmdzIjp7ImJlZm9yZSI6IjxoMT4iLCJhZnRlciI6IjwvaDE+In19@[\/et_pb_text][\/et_pb_column][\/et_pb_row][\/et_pb_section][et_pb_section fb_built=&#8221;1&#8243; module_class=&#8221;event-section&#8221; _builder_version=&#8221;4.16&#8243; _module_preset=&#8221;f71312da-20e8-4b2d-af0e-7e1087f155cf&#8221; background_color=&#8221;#1c2835&#8243; use_background_color_gradient=&#8221;on&#8221; background_color_gradient_stops=&#8221;rgba(0,0,0,0.37) 0%|rgba(0,0,0,0.37) 100%&#8221; background_color_gradient_overlays_image=&#8221;on&#8221; background_color_gradient_start=&#8221;rgba(0,0,0,0.37)&#8221; background_color_gradient_end=&#8221;rgba(0,0,0,0.37)&#8221; background_image=&#8221;https:\/\/katharina-dickopf.de\/wp-content\/uploads\/2022\/03\/chuttersnap-b4H05tU17mg-unsplash2-scaled.jpg&#8221; custom_padding=&#8221;48px||120px||false|false&#8221; custom_css_main_element=&#8221;background-size: auto;||background-position: top;&#8221; global_colors_info=&#8221;{}&#8221;][et_pb_row column_structure=&#8221;2_5,3_5&#8243; module_class=&#8221;event-row&#8221; _builder_version=&#8221;4.19.0&#8243; _module_preset=&#8221;default&#8221; max_width=&#8221;600px&#8221; module_alignment=&#8221;center&#8221; custom_margin=&#8221;|auto|48px|auto||&#8221; custom_padding=&#8221;0px||0px|||&#8221; global_colors_info=&#8221;{}&#8221;][et_pb_column type=&#8221;2_5&#8243; _builder_version=&#8221;4.16&#8243; _module_preset=&#8221;default&#8221; global_colors_info=&#8221;{}&#8221;][et_pb_text _builder_version=&#8221;4.22.1&#8243; _module_preset=&#8221;e813068e-63fe-4fa6-8060-ad98142ef137&#8243; custom_padding=&#8221;32px||||false|false&#8221; sticky_position=&#8221;top&#8221; sticky_limit_bottom=&#8221;row&#8221; global_colors_info=&#8221;{}&#8221;]<\/p>\n<h2>2027<\/h2>\n<p>[\/et_pb_text][\/et_pb_column][et_pb_column type=&#8221;3_5&#8243; _builder_version=&#8221;4.16&#8243; _module_preset=&#8221;default&#8221; global_colors_info=&#8221;{}&#8221;][et_pb_text _builder_version=&#8221;4.27.7&#8243; _module_preset=&#8221;cca9d286-5f69-4793-b57a-0681d0486b3d&#8221; locked=&#8221;off&#8221; global_colors_info=&#8221;{}&#8221;]<\/p>\n<h3>15th May<\/h3>\n<p>[\/et_pb_text][et_pb_text _builder_version=&#8221;4.27.7&#8243; _module_preset=&#8221;80b61e8c-8143-4d61-be5e-5d2e7e70aaca&#8221; custom_padding=&#8221;6px||0px||false|false&#8221; locked=&#8221;off&#8221; global_colors_info=&#8221;{}&#8221;]<\/p>\n<p>Summer operetta<\/p>\n<p>[\/et_pb_text][et_pb_text _builder_version=&#8221;4.27.7&#8243; _module_preset=&#8221;94c98f00-2ebb-440d-806e-45df9b6c7e91&#8243; custom_margin=&#8221;||5px||false|false&#8221; custom_padding=&#8221;||39px|||&#8221; hover_enabled=&#8221;0&#8243; locked=&#8221;off&#8221; global_colors_info=&#8221;{}&#8221; sticky_enabled=&#8221;0&#8243;]<\/p>\n<p>\u2500\u2500 Sorbian Chamber Philharmonic<\/p>\n<p>7:30 pm, Bautzen, Sorbian National Ensemble<\/p>\n<p>[\/et_pb_text][et_pb_button button_url=&#8221;https:\/\/www.ansambl.de\/spielplan\/&#8221; url_new_window=&#8221;on&#8221; button_text=&#8221;Tickets&#8221; _builder_version=&#8221;4.27.7&#8243; _module_preset=&#8221;default&#8221; locked=&#8221;off&#8221; global_colors_info=&#8221;{}&#8221;][\/et_pb_button][et_pb_divider show_divider=&#8221;off&#8221; _builder_version=&#8221;4.27.0&#8243; _module_preset=&#8221;default&#8221; custom_padding=&#8221;||17px|||&#8221; locked=&#8221;off&#8221; global_colors_info=&#8221;{}&#8221;][\/et_pb_divider][et_pb_text _builder_version=&#8221;4.27.7&#8243; _module_preset=&#8221;cca9d286-5f69-4793-b57a-0681d0486b3d&#8221; locked=&#8221;off&#8221; global_colors_info=&#8221;{}&#8221;]<\/p>\n<h3>9th May<\/h3>\n<p>[\/et_pb_text][et_pb_text _builder_version=&#8221;4.27.7&#8243; _module_preset=&#8221;80b61e8c-8143-4d61-be5e-5d2e7e70aaca&#8221; custom_padding=&#8221;6px||0px||false|false&#8221; locked=&#8221;off&#8221; global_colors_info=&#8221;{}&#8221;]<\/p>\n<p>Fourth Symphonic Concert<\/p>\n<p>Korla Awgust Kocor <br \/>\u201eJakub a Kata\u201c Ouverture<\/p>\n<p>Kurt Karnauke<br \/>\u201eDanse Phantastiques\u201c<\/p>\n<p>Heitor Villa-Lobos<br \/>Concert for guitar and small orchestra<\/p>\n<p>Felix Mendelssohn Bartholdy<br \/>\u201eEin Sommernachtstraum\u201c<\/p>\n<p>[\/et_pb_text][et_pb_text _builder_version=&#8221;4.27.7&#8243; _module_preset=&#8221;94c98f00-2ebb-440d-806e-45df9b6c7e91&#8243; custom_margin=&#8221;||5px||false|false&#8221; custom_padding=&#8221;||39px|||&#8221; locked=&#8221;off&#8221; global_colors_info=&#8221;{}&#8221;]<\/p>\n<p>\u2500\u2500 Sorbian Chamber Philharmonic, Guitar &#8211; Matteo H\u00f3rnig, Soprano &#8211; Nela Drozdov\u00e1<\/p>\n<p>05:00 pm, Bautzen, Sorbian National Ensemble<\/p>\n<p>[\/et_pb_text][et_pb_button button_url=&#8221;https:\/\/www.ansambl.de\/repertoire\/konzerte\/4-sinfonisches-konzert&#8221; url_new_window=&#8221;on&#8221; button_text=&#8221;Tickets&#8221; _builder_version=&#8221;4.27.7&#8243; _module_preset=&#8221;default&#8221; locked=&#8221;off&#8221; global_colors_info=&#8221;{}&#8221;][\/et_pb_button][et_pb_divider show_divider=&#8221;off&#8221; _builder_version=&#8221;4.27.0&#8243; _module_preset=&#8221;default&#8221; custom_padding=&#8221;||17px|||&#8221; locked=&#8221;off&#8221; global_colors_info=&#8221;{}&#8221;][\/et_pb_divider][et_pb_text _builder_version=&#8221;4.27.7&#8243; _module_preset=&#8221;cca9d286-5f69-4793-b57a-0681d0486b3d&#8221; locked=&#8221;off&#8221; global_colors_info=&#8221;{}&#8221;]<\/p>\n<h3>17th April<\/h3>\n<p>[\/et_pb_text][et_pb_text _builder_version=&#8221;4.27.7&#8243; _module_preset=&#8221;80b61e8c-8143-4d61-be5e-5d2e7e70aaca&#8221; locked=&#8221;off&#8221; global_colors_info=&#8221;{}&#8221;]<\/p>\n<p>String Serenade<\/p>\n<p>[\/et_pb_text][et_pb_text _builder_version=&#8221;4.27.7&#8243; _module_preset=&#8221;94c98f00-2ebb-440d-806e-45df9b6c7e91&#8243; custom_margin=&#8221;||5px||false|false&#8221; custom_padding=&#8221;||39px|||&#8221; hover_enabled=&#8221;0&#8243; locked=&#8221;off&#8221; global_colors_info=&#8221;{}&#8221; sticky_enabled=&#8221;0&#8243;]<\/p>\n<p>\u2500\u2500 Sorbian Chamber Philharmonic, Cello &#8211; Friedrich Thiele<\/p>\n<p>7:30 pm, Bautzen, Sorbian National Ensemble<\/p>\n<p>[\/et_pb_text][et_pb_button button_url=&#8221;https:\/\/www.ansambl.de\/spielplan&#8221; url_new_window=&#8221;on&#8221; button_text=&#8221;Tickets&#8221; _builder_version=&#8221;4.27.7&#8243; _module_preset=&#8221;default&#8221; locked=&#8221;off&#8221; global_colors_info=&#8221;{}&#8221;][\/et_pb_button][et_pb_divider show_divider=&#8221;off&#8221; _builder_version=&#8221;4.27.0&#8243; _module_preset=&#8221;default&#8221; custom_padding=&#8221;||17px|||&#8221; global_colors_info=&#8221;{}&#8221;][\/et_pb_divider][et_pb_text _builder_version=&#8221;4.27.7&#8243; _module_preset=&#8221;cca9d286-5f69-4793-b57a-0681d0486b3d&#8221; locked=&#8221;off&#8221; global_colors_info=&#8221;{}&#8221;]<\/p>\n<h3>2nd &amp; 3rd April<\/h3>\n<p>[\/et_pb_text][et_pb_text _builder_version=&#8221;4.27.7&#8243; _module_preset=&#8221;80b61e8c-8143-4d61-be5e-5d2e7e70aaca&#8221; custom_padding=&#8221;6px||0px||false|false&#8221; locked=&#8221;off&#8221; global_colors_info=&#8221;{}&#8221;]<\/p>\n<p>Moon night<\/p>\n<p>[\/et_pb_text][et_pb_text _builder_version=&#8221;4.27.7&#8243; _module_preset=&#8221;94c98f00-2ebb-440d-806e-45df9b6c7e91&#8243; custom_margin=&#8221;||5px||false|false&#8221; custom_padding=&#8221;||39px|||&#8221; locked=&#8221;off&#8221; global_colors_info=&#8221;{}&#8221;]<\/p>\n<p>\u2500\u2500 Sorbian Chamber Philharmonic<\/p>\n<p>02.04., 7:30 pm, Arnstadt, Theatre<\/p>\n<p>03.04. 7:30 pm, Sta\u00dffurt<\/p>\n<p>[\/et_pb_text][et_pb_button button_url=&#8221;https:\/\/www.ansambl.de\/repertoire\/konzerte\/an-den-mond&#8221; url_new_window=&#8221;on&#8221; button_text=&#8221;Tickets&#8221; _builder_version=&#8221;4.27.0&#8243; _module_preset=&#8221;default&#8221; locked=&#8221;off&#8221; global_colors_info=&#8221;{}&#8221;][\/et_pb_button][et_pb_divider show_divider=&#8221;off&#8221; _builder_version=&#8221;4.27.0&#8243; _module_preset=&#8221;default&#8221; custom_padding=&#8221;||17px|||&#8221; global_colors_info=&#8221;{}&#8221;][\/et_pb_divider][et_pb_text _builder_version=&#8221;4.27.7&#8243; _module_preset=&#8221;cca9d286-5f69-4793-b57a-0681d0486b3d&#8221; locked=&#8221;off&#8221; global_colors_info=&#8221;{}&#8221;]<\/p>\n<h3>13th &amp; 14th March<\/h3>\n<p>[\/et_pb_text][et_pb_text _builder_version=&#8221;4.27.7&#8243; _module_preset=&#8221;80b61e8c-8143-4d61-be5e-5d2e7e70aaca&#8221; locked=&#8221;off&#8221; global_colors_info=&#8221;{}&#8221;]<\/p>\n<p>Third Symphonic Concert<\/p>\n<p>Jan Paul Nagel <br \/>Sinfonia III, \u201eSolidarit\u00e4tssinfonie\u201c<\/p>\n<p>Johannes Brahms <br \/>Serenade No. 1, op. 11<\/p>\n<p>Helmut Fritsche <br \/>Small Symphony, op. 43<\/p>\n<p>Erich Wolfgang Korngold<br \/>\u201eViel L\u00e4rmen um Nichts.\u201c op. 11\u00a0<\/p>\n<p>[\/et_pb_text][et_pb_text _builder_version=&#8221;4.27.7&#8243; _module_preset=&#8221;94c98f00-2ebb-440d-806e-45df9b6c7e91&#8243; custom_margin=&#8221;||5px||false|false&#8221; custom_padding=&#8221;||39px|||&#8221; locked=&#8221;off&#8221; global_colors_info=&#8221;{}&#8221;]<\/p>\n<p>\u2500\u2500 Sorbian Chamber Philharmonic<\/p>\n<p>13.03. 07:30 pm, Germany, Sorbian National Ensemble Bautzen<\/p>\n<p>[\/et_pb_text][et_pb_button button_url=&#8221;https:\/\/www.eventim-light.com\/de\/a\/6202392102b70c42fbafa1ba\/&#8221; url_new_window=&#8221;on&#8221; button_text=&#8221;Tickets&#8221; _builder_version=&#8221;4.27.0&#8243; _module_preset=&#8221;default&#8221; locked=&#8221;off&#8221; global_colors_info=&#8221;{}&#8221;][\/et_pb_button][et_pb_divider show_divider=&#8221;off&#8221; _builder_version=&#8221;4.27.0&#8243; _module_preset=&#8221;default&#8221; custom_padding=&#8221;||17px|||&#8221; global_colors_info=&#8221;{}&#8221;][\/et_pb_divider][et_pb_text _builder_version=&#8221;4.27.7&#8243; _module_preset=&#8221;cca9d286-5f69-4793-b57a-0681d0486b3d&#8221; locked=&#8221;off&#8221; global_colors_info=&#8221;{}&#8221;]<\/p>\n<h3>26th &amp; 27th February<\/h3>\n<p>[\/et_pb_text][et_pb_text _builder_version=&#8221;4.27.7&#8243; _module_preset=&#8221;80b61e8c-8143-4d61-be5e-5d2e7e70aaca&#8221; custom_padding=&#8221;21px||0px||false|false&#8221; locked=&#8221;off&#8221; global_colors_info=&#8221;{}&#8221;]<\/p>\n<p>Fourth Symphonic Concert<\/p>\n<p>Commission Work<br \/>(premiere)<\/p>\n<p>Camille Saint-Sa\u00ebns<br \/>Violin concerto No. 3, op. 61<\/p>\n<p>Georges Bizet<br \/>Symphony C-Major<\/p>\n<p>[\/et_pb_text][et_pb_text _builder_version=&#8221;4.27.7&#8243; _module_preset=&#8221;94c98f00-2ebb-440d-806e-45df9b6c7e91&#8243; custom_margin=&#8221;||5px||false|false&#8221; custom_padding=&#8221;||39px|||&#8221; locked=&#8221;off&#8221; global_colors_info=&#8221;{}&#8221;]<\/p>\n<p>\u2500\u2500 Harzer Sinfoniker<\/p>\n<p>26.02., 07:30 pm, Germany, Halberstadt Gro\u00dfes Haus<\/p>\n<p>27.02., 07:30 pm, Germany, Quedlinburg Gro\u00dfes Haus<\/p>\n<p>[\/et_pb_text][et_pb_button button_url=&#8221;https:\/\/harztheater.de\/veranstaltungen\/programme\/harzer-sinfoniker\/sinfoniekonzert-nr-4-saint-saens-bizet\/&#8221; url_new_window=&#8221;on&#8221; button_text=&#8221;Tickets&#8221; _builder_version=&#8221;4.27.7&#8243; _module_preset=&#8221;default&#8221; locked=&#8221;off&#8221; global_colors_info=&#8221;{}&#8221;][\/et_pb_button][et_pb_divider show_divider=&#8221;off&#8221; _builder_version=&#8221;4.27.0&#8243; _module_preset=&#8221;default&#8221; custom_padding=&#8221;||17px|||&#8221; global_colors_info=&#8221;{}&#8221;][\/et_pb_divider][et_pb_text _builder_version=&#8221;4.27.7&#8243; _module_preset=&#8221;cca9d286-5f69-4793-b57a-0681d0486b3d&#8221; locked=&#8221;off&#8221; global_colors_info=&#8221;{}&#8221;]<\/p>\n<h3>14th February<\/h3>\n<p>[\/et_pb_text][et_pb_text _builder_version=&#8221;4.27.7&#8243; _module_preset=&#8221;80b61e8c-8143-4d61-be5e-5d2e7e70aaca&#8221; locked=&#8221;off&#8221; global_colors_info=&#8221;{}&#8221;]<\/p>\n<p>Moon night<\/p>\n<p>[\/et_pb_text][et_pb_text _builder_version=&#8221;4.27.7&#8243; _module_preset=&#8221;94c98f00-2ebb-440d-806e-45df9b6c7e91&#8243; custom_margin=&#8221;||5px||false|false&#8221; custom_padding=&#8221;||39px|||&#8221; locked=&#8221;off&#8221; global_colors_info=&#8221;{}&#8221;]<\/p>\n<p>\u2500\u2500 Sorbian Chamber Philharmonic<\/p>\n<p>6:00 pm, Neu Isenburg<\/p>\n<p>[\/et_pb_text][et_pb_button button_url=&#8221;https:\/\/www.ansambl.de\/spielplan&#8221; url_new_window=&#8221;on&#8221; button_text=&#8221;Tickets&#8221; _builder_version=&#8221;4.27.7&#8243; _module_preset=&#8221;default&#8221; locked=&#8221;off&#8221; global_colors_info=&#8221;{}&#8221;][\/et_pb_button][et_pb_divider show_divider=&#8221;off&#8221; _builder_version=&#8221;4.27.0&#8243; _module_preset=&#8221;default&#8221; custom_padding=&#8221;||17px|||&#8221; global_colors_info=&#8221;{}&#8221;][\/et_pb_divider][et_pb_text _builder_version=&#8221;4.27.7&#8243; _module_preset=&#8221;cca9d286-5f69-4793-b57a-0681d0486b3d&#8221; locked=&#8221;off&#8221; global_colors_info=&#8221;{}&#8221;]<\/p>\n<h3>11th February<\/h3>\n<p>[\/et_pb_text][et_pb_text _builder_version=&#8221;4.27.7&#8243; _module_preset=&#8221;80b61e8c-8143-4d61-be5e-5d2e7e70aaca&#8221; locked=&#8221;off&#8221; global_colors_info=&#8221;{}&#8221;]<\/p>\n<p>Second Symphony Concert<\/p>\n<p>Maurice Ravel<br \/>\u201eIntroduction et Allegro\u201c\u00a0<\/p>\n<p>Jan Bulank<br \/>\u201eBread and Salt\u201c<\/p>\n<p>Maurice Ravel<br \/>\u201eMa m\u00e8re l\u2019oye.\u201c<\/p>\n<p>Bjarnat Krawc<br \/>\u201eDopomnje\u0107a raj\u201c Symphonic intermezzo<\/p>\n<p>Ottorino Respighi <br \/>\u201eTrittico Botticelliano\u201c<\/p>\n<p>[\/et_pb_text][et_pb_text _builder_version=&#8221;4.27.7&#8243; _module_preset=&#8221;94c98f00-2ebb-440d-806e-45df9b6c7e91&#8243; custom_margin=&#8221;||5px||false|false&#8221; custom_padding=&#8221;||39px|||&#8221; locked=&#8221;off&#8221; global_colors_info=&#8221;{}&#8221;]<\/p>\n<p>\u2500\u2500 Sorbian Chamber Philharmonic<\/p>\n<p>7:30 pm, Germany, Sorbian National Ensemble<\/p>\n<p>[\/et_pb_text][et_pb_button button_url=&#8221;https:\/\/www.ansambl.de\/repertoire\/konzerte\/sinfonisches-konzert&#8221; url_new_window=&#8221;on&#8221; button_text=&#8221;Tickets&#8221; _builder_version=&#8221;4.27.7&#8243; _module_preset=&#8221;default&#8221; locked=&#8221;off&#8221; global_colors_info=&#8221;{}&#8221;][\/et_pb_button][et_pb_divider show_divider=&#8221;off&#8221; _builder_version=&#8221;4.27.0&#8243; _module_preset=&#8221;default&#8221; custom_padding=&#8221;||17px|||&#8221; locked=&#8221;off&#8221; global_colors_info=&#8221;{}&#8221;][\/et_pb_divider][et_pb_text _builder_version=&#8221;4.27.7&#8243; _module_preset=&#8221;cca9d286-5f69-4793-b57a-0681d0486b3d&#8221; locked=&#8221;off&#8221; global_colors_info=&#8221;{}&#8221;]<\/p>\n<h3>1st &#8211; 10th January<\/h3>\n<p>[\/et_pb_text][et_pb_text _builder_version=&#8221;4.27.7&#8243; _module_preset=&#8221;80b61e8c-8143-4d61-be5e-5d2e7e70aaca&#8221; locked=&#8221;off&#8221; global_colors_info=&#8221;{}&#8221;]<\/p>\n<p>New Years Concerts<\/p>\n<p>[\/et_pb_text][et_pb_text _builder_version=&#8221;4.27.7&#8243; _module_preset=&#8221;94c98f00-2ebb-440d-806e-45df9b6c7e91&#8243; custom_margin=&#8221;||5px||false|false&#8221; custom_padding=&#8221;||39px|||&#8221; locked=&#8221;off&#8221; global_colors_info=&#8221;{}&#8221;]<\/p>\n<p>\u2500\u2500 Sorbian Chamber Philharmonic<\/p>\n<p>01.01. 4:00 pm, Erfurt, Kaisersaal<\/p>\n<p>03.01. Elsenfeld<\/p>\n<p>04.01. 5:00 pm, Ilmenau, Festhalle<\/p>\n<p>05.01. 8:00 pm, Bad Homburg, Theatre<\/p>\n<p>08.01. 7:00 pm, Wilthen, Haus Bergland<\/p>\n<p>09.01. 7:30 pm, Senftenberg, Theatre<\/p>\n<p>10.01. 5:00 pm, Wei\u00dfenberg<\/p>\n<p>[\/et_pb_text][et_pb_button button_url=&#8221;https:\/\/www.ansambl.de\/spielplan&#8221; url_new_window=&#8221;on&#8221; button_text=&#8221;Tickets&#8221; _builder_version=&#8221;4.27.7&#8243; _module_preset=&#8221;default&#8221; locked=&#8221;off&#8221; global_colors_info=&#8221;{}&#8221;][\/et_pb_button][et_pb_divider show_divider=&#8221;off&#8221; _builder_version=&#8221;4.27.0&#8243; _module_preset=&#8221;default&#8221; custom_padding=&#8221;||17px|||&#8221; global_colors_info=&#8221;{}&#8221;][\/et_pb_divider][\/et_pb_column][\/et_pb_row][et_pb_row column_structure=&#8221;2_5,3_5&#8243; module_class=&#8221;event-row&#8221; _builder_version=&#8221;4.27.0&#8243; _module_preset=&#8221;default&#8221; max_width=&#8221;600px&#8221; module_alignment=&#8221;center&#8221; min_height=&#8221;100px&#8221; custom_margin=&#8221;|auto|48px|auto||&#8221; custom_padding=&#8221;0px||0px|||&#8221; global_colors_info=&#8221;{}&#8221;][et_pb_column type=&#8221;2_5&#8243; _builder_version=&#8221;4.16&#8243; _module_preset=&#8221;default&#8221; global_colors_info=&#8221;{}&#8221;][et_pb_text _builder_version=&#8221;4.27.0&#8243; _module_preset=&#8221;e813068e-63fe-4fa6-8060-ad98142ef137&#8243; custom_padding=&#8221;32px||||false|false&#8221; sticky_position=&#8221;top&#8221; sticky_limit_bottom=&#8221;row&#8221; global_colors_info=&#8221;{}&#8221;]<\/p>\n<h2>2026<\/h2>\n<p>[\/et_pb_text][\/et_pb_column][et_pb_column type=&#8221;3_5&#8243; _builder_version=&#8221;4.16&#8243; _module_preset=&#8221;default&#8221; global_colors_info=&#8221;{}&#8221;][et_pb_text _builder_version=&#8221;4.27.7&#8243; _module_preset=&#8221;cca9d286-5f69-4793-b57a-0681d0486b3d&#8221; locked=&#8221;off&#8221; global_colors_info=&#8221;{}&#8221;]<\/p>\n<h3>31st December<\/h3>\n<p>[\/et_pb_text][et_pb_text _builder_version=&#8221;4.27.7&#8243; _module_preset=&#8221;80b61e8c-8143-4d61-be5e-5d2e7e70aaca&#8221; custom_padding=&#8221;0px||3px||false|false&#8221; locked=&#8221;off&#8221; global_colors_info=&#8221;{}&#8221;]<\/p>\n<p><strong class=\"name\">New Year\u2019s Eve concerts<\/strong><\/p>\n<p>[\/et_pb_text][et_pb_text _builder_version=&#8221;4.27.7&#8243; _module_preset=&#8221;94c98f00-2ebb-440d-806e-45df9b6c7e91&#8243; min_height=&#8221;84.8px&#8221; custom_margin=&#8221;||5px||false|false&#8221; custom_padding=&#8221;||15px|||&#8221; locked=&#8221;off&#8221; global_colors_info=&#8221;{}&#8221;]<\/p>\n<p>\u2500\u2500 Sorbian Chamber Philharmonic<\/p>\n<p>4:00 pm, Bautzen, Sorbian National Ensemble<\/p>\n<p>7:30 pm, Bautzen, Sorbian National Ensemble<\/p>\n<p>[\/et_pb_text][et_pb_button button_url=&#8221;https:\/\/www.ansambl.de\/spielplan&#8221; url_new_window=&#8221;on&#8221; button_text=&#8221;Tickets&#8221; _builder_version=&#8221;4.27.7&#8243; _module_preset=&#8221;default&#8221; locked=&#8221;off&#8221; global_colors_info=&#8221;{}&#8221;][\/et_pb_button][et_pb_divider show_divider=&#8221;off&#8221; _builder_version=&#8221;4.27.0&#8243; _module_preset=&#8221;default&#8221; custom_margin=&#8221;-32px|||||&#8221; custom_padding=&#8221;||17px|||&#8221; global_colors_info=&#8221;{}&#8221;][\/et_pb_divider][et_pb_divider show_divider=&#8221;off&#8221; _builder_version=&#8221;4.27.0&#8243; _module_preset=&#8221;default&#8221; custom_padding=&#8221;||17px|||&#8221; locked=&#8221;off&#8221; global_colors_info=&#8221;{}&#8221;][\/et_pb_divider][et_pb_text _builder_version=&#8221;4.27.7&#8243; _module_preset=&#8221;cca9d286-5f69-4793-b57a-0681d0486b3d&#8221; locked=&#8221;off&#8221; global_colors_info=&#8221;{}&#8221;]<\/p>\n<h3>8th December<\/h3>\n<p>[\/et_pb_text][et_pb_text _builder_version=&#8221;4.27.7&#8243; _module_preset=&#8221;80b61e8c-8143-4d61-be5e-5d2e7e70aaca&#8221; custom_padding=&#8221;0px||3px||false|false&#8221; locked=&#8221;off&#8221; global_colors_info=&#8221;{}&#8221;]<\/p>\n<p><strong class=\"name\">Christmas Concert\u00a0<\/strong><\/p>\n<p>[\/et_pb_text][et_pb_text _builder_version=&#8221;4.27.7&#8243; _module_preset=&#8221;94c98f00-2ebb-440d-806e-45df9b6c7e91&#8243; min_height=&#8221;84.8px&#8221; custom_margin=&#8221;||5px||false|false&#8221; custom_padding=&#8221;||15px|||&#8221; locked=&#8221;off&#8221; global_colors_info=&#8221;{}&#8221;]<\/p>\n<p>\u2500\u2500 Sorbian Chamber Philharmonic<\/p>\n<p>7:00 pm, Berlin, Cathedral<\/p>\n<p>[\/et_pb_text][et_pb_button button_url=&#8221;https:\/\/www.ansambl.de\/spielplan&#8221; url_new_window=&#8221;on&#8221; button_text=&#8221;Tickets&#8221; _builder_version=&#8221;4.27.7&#8243; _module_preset=&#8221;default&#8221; locked=&#8221;off&#8221; global_colors_info=&#8221;{}&#8221;][\/et_pb_button][et_pb_divider show_divider=&#8221;off&#8221; _builder_version=&#8221;4.27.0&#8243; _module_preset=&#8221;default&#8221; custom_padding=&#8221;||17px|||&#8221; locked=&#8221;off&#8221; global_colors_info=&#8221;{}&#8221;][\/et_pb_divider][et_pb_text _builder_version=&#8221;4.27.7&#8243; _module_preset=&#8221;cca9d286-5f69-4793-b57a-0681d0486b3d&#8221; locked=&#8221;off&#8221; global_colors_info=&#8221;{}&#8221;]<\/p>\n<h3>November &#8211; December<\/h3>\n<p>[\/et_pb_text][et_pb_text _builder_version=&#8221;4.27.7&#8243; _module_preset=&#8221;80b61e8c-8143-4d61-be5e-5d2e7e70aaca&#8221; custom_padding=&#8221;0px||3px||false|false&#8221; locked=&#8221;off&#8221; global_colors_info=&#8221;{}&#8221;]<\/p>\n<p><strong>Wintertime<\/strong><br data-start=\"14\" data-end=\"17\" \/>Scenic-concert Advent performance with orchestra and choir<\/p>\n<p>[\/et_pb_text][et_pb_text _builder_version=&#8221;4.27.7&#8243; _module_preset=&#8221;94c98f00-2ebb-440d-806e-45df9b6c7e91&#8243; min_height=&#8221;84.8px&#8221; custom_margin=&#8221;||5px||false|false&#8221; custom_padding=&#8221;||15px|||&#8221; locked=&#8221;off&#8221; global_colors_info=&#8221;{}&#8221;]<\/p>\n<p>\u2500\u2500 Sorbian Chamber Philharmonic<\/p>\n<p>29.11. 3:00 pm, Aschaffenburg, City hall<br \/>05.12. 7:30 pm, Bautzen, Sorbian National Ensemble<br \/>13.12. 3:00 pm, Bautzen, Sorbian National Ensemble<br \/>20.12. 5:00 pm, Cottbus, Kammerb\u00fchne<\/p>\n<p>&nbsp;<\/p>\n<p>[\/et_pb_text][et_pb_button button_url=&#8221;https:\/\/www.ansambl.de\/spielplan&#8221; url_new_window=&#8221;on&#8221; button_text=&#8221;Tickets&#8221; _builder_version=&#8221;4.27.7&#8243; _module_preset=&#8221;default&#8221; locked=&#8221;off&#8221; global_colors_info=&#8221;{}&#8221;][\/et_pb_button][et_pb_divider show_divider=&#8221;off&#8221; _builder_version=&#8221;4.27.0&#8243; _module_preset=&#8221;default&#8221; custom_padding=&#8221;||17px|||&#8221; locked=&#8221;off&#8221; global_colors_info=&#8221;{}&#8221;][\/et_pb_divider][et_pb_text _builder_version=&#8221;4.27.7&#8243; _module_preset=&#8221;cca9d286-5f69-4793-b57a-0681d0486b3d&#8221; locked=&#8221;off&#8221; global_colors_info=&#8221;{}&#8221;]<\/p>\n<h3>21st &amp; 22nd November<\/h3>\n<p>[\/et_pb_text][et_pb_text _builder_version=&#8221;4.27.7&#8243; _module_preset=&#8221;80b61e8c-8143-4d61-be5e-5d2e7e70aaca&#8221; custom_padding=&#8221;0px||3px||false|false&#8221; locked=&#8221;off&#8221; global_colors_info=&#8221;{}&#8221;]<\/p>\n<p><strong>Operetta Gala<\/strong><\/p>\n<p>[\/et_pb_text][et_pb_text _builder_version=&#8221;4.27.7&#8243; _module_preset=&#8221;94c98f00-2ebb-440d-806e-45df9b6c7e91&#8243; min_height=&#8221;84.8px&#8221; custom_margin=&#8221;||5px||false|false&#8221; custom_padding=&#8221;||15px|||&#8221; locked=&#8221;off&#8221; global_colors_info=&#8221;{}&#8221;]<\/p>\n<p>\u2500\u2500 Sorbian Chamber Philharmonic<\/p>\n<p>21.11. 7:30 pm, Siegen theatre<\/p>\n<p>22.11. 7:00 pm, Iserlohn<\/p>\n<p>[\/et_pb_text][et_pb_button button_url=&#8221;https:\/\/www.ansambl.de\/spielplan&#8221; url_new_window=&#8221;on&#8221; button_text=&#8221;Tickets&#8221; _builder_version=&#8221;4.27.7&#8243; _module_preset=&#8221;default&#8221; locked=&#8221;off&#8221; global_colors_info=&#8221;{}&#8221;][\/et_pb_button][et_pb_divider show_divider=&#8221;off&#8221; _builder_version=&#8221;4.27.0&#8243; _module_preset=&#8221;default&#8221; custom_padding=&#8221;||17px|||&#8221; locked=&#8221;off&#8221; global_colors_info=&#8221;{}&#8221;][\/et_pb_divider][et_pb_text _builder_version=&#8221;4.27.7&#8243; _module_preset=&#8221;cca9d286-5f69-4793-b57a-0681d0486b3d&#8221; locked=&#8221;off&#8221; global_colors_info=&#8221;{}&#8221;]<\/p>\n<h3>8th November<\/h3>\n<p>[\/et_pb_text][et_pb_text _builder_version=&#8221;4.27.7&#8243; _module_preset=&#8221;80b61e8c-8143-4d61-be5e-5d2e7e70aaca&#8221; custom_padding=&#8221;0px||3px||false|false&#8221; locked=&#8221;off&#8221; global_colors_info=&#8221;{}&#8221;]<\/p>\n<p><strong>First Symphonic Concert<\/strong><\/p>\n<p>Wolfgang Amadeus Mozart <br \/>Symphony No. 1<\/p>\n<p>Joseph Haydn<br \/>Symphonie No. 49 \u201eLa passione\u201c<\/p>\n<p>Igor Strawinsky<br \/>\u201eDumbarton Oaks\u201c<\/p>\n<p>Lukas Zschorlich<br \/>Symphony \u2013 Premiere<\/p>\n<p>[\/et_pb_text][et_pb_text _builder_version=&#8221;4.27.7&#8243; _module_preset=&#8221;94c98f00-2ebb-440d-806e-45df9b6c7e91&#8243; min_height=&#8221;84.8px&#8221; custom_margin=&#8221;||5px||false|false&#8221; custom_padding=&#8221;||15px|||&#8221; locked=&#8221;off&#8221; global_colors_info=&#8221;{}&#8221;]<\/p>\n<p>\u2500\u2500 Sorbian Chamber Philharmonic<\/p>\n<p>5:00 pm, Germany, Sorbian National Ensemble Bautzen<\/p>\n<p>[\/et_pb_text][et_pb_button button_url=&#8221;https:\/\/www.ansambl.de\/repertoire\/konzerte\/1-sinfonisches-konzert-1&#8243; url_new_window=&#8221;on&#8221; button_text=&#8221;Tickets&#8221; _builder_version=&#8221;4.27.7&#8243; _module_preset=&#8221;default&#8221; locked=&#8221;off&#8221; global_colors_info=&#8221;{}&#8221;][\/et_pb_button][et_pb_divider show_divider=&#8221;off&#8221; _builder_version=&#8221;4.27.0&#8243; _module_preset=&#8221;default&#8221; custom_padding=&#8221;||17px|||&#8221; locked=&#8221;off&#8221; global_colors_info=&#8221;{}&#8221;][\/et_pb_divider][et_pb_text _builder_version=&#8221;4.27.0&#8243; _module_preset=&#8221;cca9d286-5f69-4793-b57a-0681d0486b3d&#8221; locked=&#8221;off&#8221; global_colors_info=&#8221;{}&#8221;]<\/p>\n<h3>26th October<\/h3>\n<p>[\/et_pb_text][et_pb_text _builder_version=&#8221;4.27.7&#8243; _module_preset=&#8221;80b61e8c-8143-4d61-be5e-5d2e7e70aaca&#8221; custom_padding=&#8221;0px||3px||false|false&#8221; locked=&#8221;off&#8221; global_colors_info=&#8221;{}&#8221;]<\/p>\n<p><strong class=\"name\">Three Chamber Operas in Ceremony of <\/strong><strong class=\"name\">Akademie Musiktheater heute (premiere)\u00a0<\/strong><\/p>\n<p><strong class=\"name\">&#8211; Der Drache auf dem Silbertablett (Maximiliano Soto Mayorga)<\/strong><\/p>\n<p><strong class=\"name\">&#8211; Silberschwere Lider (Adrian Laugsch)<\/strong><\/p>\n<p><strong class=\"name\">&#8211; Tango Paradiso (Abig\u00e9l Varga)<\/strong><strong class=\"name\"><\/strong><\/p>\n<p>[\/et_pb_text][et_pb_text _builder_version=&#8221;4.27.7&#8243; _module_preset=&#8221;94c98f00-2ebb-440d-806e-45df9b6c7e91&#8243; min_height=&#8221;84.8px&#8221; custom_margin=&#8221;||5px||false|false&#8221; custom_padding=&#8221;||15px|||&#8221; locked=&#8221;off&#8221; global_colors_info=&#8221;{}&#8221;]<\/p>\n<p>\u2500\u2500 Ensemble Modern, conductors: Barbara Dragan &amp; Katharina Dickopf<\/p>\n<p>Germany, Frankfurt<\/p>\n<p>[\/et_pb_text][et_pb_button button_url=&#8221;https:\/\/festakt2026.akademie-musiktheater-heute.de\/&#8221; url_new_window=&#8221;on&#8221; button_text=&#8221;Info&#8221; _builder_version=&#8221;4.27.7&#8243; _module_preset=&#8221;default&#8221; locked=&#8221;off&#8221; global_colors_info=&#8221;{}&#8221;][\/et_pb_button][et_pb_divider show_divider=&#8221;off&#8221; _builder_version=&#8221;4.27.0&#8243; _module_preset=&#8221;default&#8221; custom_padding=&#8221;||17px|||&#8221; locked=&#8221;off&#8221; global_colors_info=&#8221;{}&#8221;][\/et_pb_divider][et_pb_text _builder_version=&#8221;4.27.7&#8243; _module_preset=&#8221;cca9d286-5f69-4793-b57a-0681d0486b3d&#8221; locked=&#8221;off&#8221; global_colors_info=&#8221;{}&#8221;]<\/p>\n<h3>8th October<\/h3>\n<p>[\/et_pb_text][et_pb_text _builder_version=&#8221;4.27.7&#8243; _module_preset=&#8221;80b61e8c-8143-4d61-be5e-5d2e7e70aaca&#8221; custom_padding=&#8221;0px||3px||false|false&#8221; locked=&#8221;off&#8221; global_colors_info=&#8221;{}&#8221;]<\/p>\n<p><strong>Symphonic Concert<\/strong><\/p>\n<p>Richard Wagner<br \/>\u00bbSiegfried-Idyll\u00ab<\/p>\n<p>Jan Bilk<br \/>\u00bbStigma integrum concerto\u00ab<\/p>\n<p>Korla Awgust Kocor<br \/>Kantilene Nr. 3<\/p>\n<p>Carolina Eyck<br \/>\u00bbMetsa Happa\u00ab for Theremin and Strings<\/p>\n<p>Anton\u00edn Dvo\u0159\u00e1k<br \/>\u00bbWaldesruhe\u00ab op. 68 Nr. 5<\/p>\n<p>Franz Schreker<br \/>Chamber Symphonie<\/p>\n<p>[\/et_pb_text][et_pb_text _builder_version=&#8221;4.27.7&#8243; _module_preset=&#8221;94c98f00-2ebb-440d-806e-45df9b6c7e91&#8243; min_height=&#8221;69.8px&#8221; custom_margin=&#8221;||5px||false|false&#8221; custom_padding=&#8221;||39px|||&#8221; locked=&#8221;off&#8221; global_colors_info=&#8221;{}&#8221;]<\/p>\n<p>\u2500\u2500 Sorbian Chamber Philharmonic, Theremin &#8211; Carolina Eyck<\/p>\n<p>7:30 pm Germany, Deutsch-Sorbisches Volkstheater Bautzen<\/p>\n<p>[\/et_pb_text][et_pb_button button_url=&#8221;https:\/\/www.ansambl.de\/repertoire\/konzerte\/sinfoniekonzert&#8221; url_new_window=&#8221;on&#8221; button_text=&#8221;Tickets&#8221; _builder_version=&#8221;4.27.7&#8243; _module_preset=&#8221;default&#8221; locked=&#8221;off&#8221; global_colors_info=&#8221;{}&#8221;][\/et_pb_button][et_pb_divider show_divider=&#8221;off&#8221; _builder_version=&#8221;4.27.0&#8243; _module_preset=&#8221;default&#8221; custom_padding=&#8221;||17px|||&#8221; locked=&#8221;off&#8221; global_colors_info=&#8221;{}&#8221;][\/et_pb_divider][et_pb_text _builder_version=&#8221;4.27.0&#8243; _module_preset=&#8221;cca9d286-5f69-4793-b57a-0681d0486b3d&#8221; locked=&#8221;off&#8221; global_colors_info=&#8221;{}&#8221;]<\/p>\n<h3>6th July<\/h3>\n<p>[\/et_pb_text][et_pb_text _builder_version=&#8221;4.27.0&#8243; _module_preset=&#8221;80b61e8c-8143-4d61-be5e-5d2e7e70aaca&#8221; custom_padding=&#8221;0px||3px||false|false&#8221; locked=&#8221;off&#8221; global_colors_info=&#8221;{}&#8221;]<\/p>\n<p><strong class=\"name\">Summer Operetta<\/strong><\/p>\n<p>[\/et_pb_text][et_pb_text _builder_version=&#8221;4.27.0&#8243; _module_preset=&#8221;94c98f00-2ebb-440d-806e-45df9b6c7e91&#8243; min_height=&#8221;69.8px&#8221; custom_margin=&#8221;||5px||false|false&#8221; custom_padding=&#8221;||39px|||&#8221; locked=&#8221;off&#8221; global_colors_info=&#8221;{}&#8221;]<\/p>\n<p>\u2500\u2500 Sorbian Chamber Philharmonic<\/p>\n<p>06.07. 8:00 pm, Germany, Dresden Neumarkt<\/p>\n<p>[\/et_pb_text][et_pb_button button_url=&#8221;https:\/\/www.ansambl.de\/spielplan&#8221; url_new_window=&#8221;on&#8221; button_text=&#8221;Tickets&#8221; _builder_version=&#8221;4.27.0&#8243; _module_preset=&#8221;default&#8221; locked=&#8221;off&#8221; global_colors_info=&#8221;{}&#8221;][\/et_pb_button][et_pb_divider show_divider=&#8221;off&#8221; _builder_version=&#8221;4.27.0&#8243; _module_preset=&#8221;default&#8221; custom_padding=&#8221;||17px|||&#8221; global_colors_info=&#8221;{}&#8221;][\/et_pb_divider][et_pb_text _builder_version=&#8221;4.27.0&#8243; _module_preset=&#8221;cca9d286-5f69-4793-b57a-0681d0486b3d&#8221; locked=&#8221;off&#8221; global_colors_info=&#8221;{}&#8221;]<\/p>\n<h3>27th June<\/h3>\n<p>[\/et_pb_text][et_pb_text _builder_version=&#8221;4.27.0&#8243; _module_preset=&#8221;80b61e8c-8143-4d61-be5e-5d2e7e70aaca&#8221; custom_padding=&#8221;0px||3px||false|false&#8221; locked=&#8221;off&#8221; global_colors_info=&#8221;{}&#8221;]<\/p>\n<p><strong class=\"name\">May I have this dance?<\/strong><\/p>\n<p>[\/et_pb_text][et_pb_text _builder_version=&#8221;4.27.0&#8243; _module_preset=&#8221;94c98f00-2ebb-440d-806e-45df9b6c7e91&#8243; min_height=&#8221;69.8px&#8221; custom_margin=&#8221;||5px||false|false&#8221; custom_padding=&#8221;||39px|||&#8221; locked=&#8221;off&#8221; global_colors_info=&#8221;{}&#8221;]<\/p>\n<p>\u2500\u2500 Sorbian Chamber Philharmonic<\/p>\n<p>6:00 pm, Germany, Dresden Neumarkt<\/p>\n<p>[\/et_pb_text][et_pb_button button_url=&#8221;https:\/\/www.ansambl.de\/spielplan&#8221; url_new_window=&#8221;on&#8221; button_text=&#8221;Tickets&#8221; _builder_version=&#8221;4.27.0&#8243; _module_preset=&#8221;default&#8221; locked=&#8221;off&#8221; global_colors_info=&#8221;{}&#8221;][\/et_pb_button][et_pb_divider show_divider=&#8221;off&#8221; _builder_version=&#8221;4.27.0&#8243; _module_preset=&#8221;default&#8221; custom_padding=&#8221;||17px|||&#8221; global_colors_info=&#8221;{}&#8221;][\/et_pb_divider][et_pb_text _builder_version=&#8221;4.27.0&#8243; _module_preset=&#8221;cca9d286-5f69-4793-b57a-0681d0486b3d&#8221; locked=&#8221;off&#8221; global_colors_info=&#8221;{}&#8221;]<\/p>\n<h3>10th June<\/h3>\n<p>[\/et_pb_text][et_pb_text _builder_version=&#8221;4.27.0&#8243; _module_preset=&#8221;80b61e8c-8143-4d61-be5e-5d2e7e70aaca&#8221; custom_padding=&#8221;0px||3px||false|false&#8221; locked=&#8221;off&#8221; global_colors_info=&#8221;{}&#8221;]<\/p>\n<p><strong class=\"name\">Sorbian Symphonic Concert<\/strong><\/p>\n<p>[\/et_pb_text][et_pb_text _builder_version=&#8221;4.27.0&#8243; _module_preset=&#8221;94c98f00-2ebb-440d-806e-45df9b6c7e91&#8243; min_height=&#8221;69.8px&#8221; custom_margin=&#8221;||5px||false|false&#8221; custom_padding=&#8221;||39px|||&#8221; locked=&#8221;off&#8221; global_colors_info=&#8221;{}&#8221;]<\/p>\n<p>\u2500\u2500 Sorbian Chamber Philharmonic<\/p>\n<p>7:30 pm, Germany, Cottbus Konservatorium<\/p>\n<p>[\/et_pb_text][et_pb_button button_url=&#8221;https:\/\/www.ansambl.de\/spielplan&#8221; url_new_window=&#8221;on&#8221; button_text=&#8221;Tickets&#8221; _builder_version=&#8221;4.27.0&#8243; _module_preset=&#8221;default&#8221; locked=&#8221;off&#8221; global_colors_info=&#8221;{}&#8221;][\/et_pb_button][et_pb_divider show_divider=&#8221;off&#8221; _builder_version=&#8221;4.27.0&#8243; _module_preset=&#8221;default&#8221; custom_padding=&#8221;||17px|||&#8221; global_colors_info=&#8221;{}&#8221;][\/et_pb_divider][et_pb_text _builder_version=&#8221;4.27.0&#8243; _module_preset=&#8221;cca9d286-5f69-4793-b57a-0681d0486b3d&#8221; locked=&#8221;off&#8221; global_colors_info=&#8221;{}&#8221;]<\/p>\n<h3>5th June<\/h3>\n<p>[\/et_pb_text][et_pb_text _builder_version=&#8221;4.27.0&#8243; _module_preset=&#8221;80b61e8c-8143-4d61-be5e-5d2e7e70aaca&#8221; custom_padding=&#8221;0px||3px||false|false&#8221; locked=&#8221;off&#8221; global_colors_info=&#8221;{}&#8221;]<\/p>\n<p><strong class=\"name\">Cooperation &#8211; Sorbian Chamber Philharmonic &amp; Orchestra of Kreismusikschule Bautzen (<\/strong><strong class=\"name\">W.A. Mozart, <\/strong><strong class=\"name\">F. Schubert, D. Kobjela)\u00a0<\/strong><\/p>\n<p>[\/et_pb_text][et_pb_text _builder_version=&#8221;4.27.0&#8243; _module_preset=&#8221;94c98f00-2ebb-440d-806e-45df9b6c7e91&#8243; min_height=&#8221;69.8px&#8221; custom_margin=&#8221;||5px||false|false&#8221; custom_padding=&#8221;||39px|||&#8221; locked=&#8221;off&#8221; global_colors_info=&#8221;{}&#8221;]<\/p>\n<p>7:00 pm, Germany, Deutsch-Sorbisches Volkstheater Bautzen<\/p>\n<p>[\/et_pb_text][et_pb_button button_url=&#8221;https:\/\/www.ansambl.de\/spielplan&#8221; url_new_window=&#8221;on&#8221; button_text=&#8221;Tickets&#8221; _builder_version=&#8221;4.27.0&#8243; _module_preset=&#8221;default&#8221; locked=&#8221;off&#8221; global_colors_info=&#8221;{}&#8221;][\/et_pb_button][et_pb_text _builder_version=&#8221;4.27.0&#8243; _module_preset=&#8221;cca9d286-5f69-4793-b57a-0681d0486b3d&#8221; locked=&#8221;off&#8221; global_colors_info=&#8221;{}&#8221;]<\/p>\n<h3>31st May<\/h3>\n<p>[\/et_pb_text][et_pb_text _builder_version=&#8221;4.27.0&#8243; _module_preset=&#8221;80b61e8c-8143-4d61-be5e-5d2e7e70aaca&#8221; locked=&#8221;off&#8221; global_colors_info=&#8221;{}&#8221;]<\/p>\n<p><strong class=\"name\">Symphonic Concert No. 4<\/strong><\/p>\n<p><strong class=\"name\">Bjarnat Krawc<br \/><em><strong>Ze serbskeje zemje\u00a0<\/strong><\/em><\/strong><\/p>\n<p><strong class=\"name\">Sergej Rachmaninow<br \/><em><strong>Sinfonie Nr. 2 e-Moll, op. 27<\/strong><\/em><br \/><em>Arr. I. Farrington<\/em><br \/><\/strong><\/p>\n<p>[\/et_pb_text][et_pb_text _builder_version=&#8221;4.27.0&#8243; _module_preset=&#8221;94c98f00-2ebb-440d-806e-45df9b6c7e91&#8243; min_height=&#8221;69.8px&#8221; custom_margin=&#8221;||5px||false|false&#8221; custom_padding=&#8221;||39px|||&#8221; locked=&#8221;off&#8221; global_colors_info=&#8221;{}&#8221;]<\/p>\n<p>\u2500\u2500 Sorbian Chamber Philharmonic<\/p>\n<p>5:00 pm, Germany, Sorbian National Ensemble Bautzen<\/p>\n<p>[\/et_pb_text][et_pb_button button_url=&#8221;https:\/\/www.ansambl.de\/repertoire\/konzerte\/4-sinfonisches-konzert&#8221; url_new_window=&#8221;on&#8221; button_text=&#8221;Tickets&#8221; _builder_version=&#8221;4.27.0&#8243; _module_preset=&#8221;default&#8221; locked=&#8221;off&#8221; global_colors_info=&#8221;{}&#8221;][\/et_pb_button][et_pb_divider show_divider=&#8221;off&#8221; _builder_version=&#8221;4.27.0&#8243; _module_preset=&#8221;default&#8221; custom_padding=&#8221;||17px|||&#8221; global_colors_info=&#8221;{}&#8221;][\/et_pb_divider][et_pb_text _builder_version=&#8221;4.27.0&#8243; _module_preset=&#8221;cca9d286-5f69-4793-b57a-0681d0486b3d&#8221; locked=&#8221;off&#8221; global_colors_info=&#8221;{}&#8221;]<\/p>\n<h3>23rd May<\/h3>\n<p>[\/et_pb_text][et_pb_text _builder_version=&#8221;4.27.0&#8243; _module_preset=&#8221;80b61e8c-8143-4d61-be5e-5d2e7e70aaca&#8221; custom_padding=&#8221;0px||3px||false|false&#8221; locked=&#8221;off&#8221; global_colors_info=&#8221;{}&#8221;]<\/p>\n<p><strong class=\"name\">Summer Operetta<\/strong><\/p>\n<p>[\/et_pb_text][et_pb_text _builder_version=&#8221;4.27.0&#8243; _module_preset=&#8221;94c98f00-2ebb-440d-806e-45df9b6c7e91&#8243; min_height=&#8221;69.8px&#8221; custom_margin=&#8221;||5px||false|false&#8221; custom_padding=&#8221;||39px|||&#8221; locked=&#8221;off&#8221; global_colors_info=&#8221;{}&#8221;]<\/p>\n<p>\u2500\u2500 Sorbian Chamber Philharmonic<\/p>\n<p>7:30 pm Germany, Bautzen, Sorbian National-Ensemble<\/p>\n<p>[\/et_pb_text][et_pb_button button_url=&#8221;https:\/\/www.ansambl.de\/spielplan&#8221; url_new_window=&#8221;on&#8221; button_text=&#8221;Tickets&#8221; _builder_version=&#8221;4.27.0&#8243; _module_preset=&#8221;default&#8221; locked=&#8221;off&#8221; global_colors_info=&#8221;{}&#8221;][\/et_pb_button][et_pb_divider show_divider=&#8221;off&#8221; _builder_version=&#8221;4.27.0&#8243; _module_preset=&#8221;default&#8221; custom_padding=&#8221;||17px|||&#8221; global_colors_info=&#8221;{}&#8221;][\/et_pb_divider][et_pb_text _builder_version=&#8221;4.27.0&#8243; _module_preset=&#8221;cca9d286-5f69-4793-b57a-0681d0486b3d&#8221; locked=&#8221;off&#8221; global_colors_info=&#8221;{}&#8221;]<\/p>\n<h3>24th &#8211; 26th April<\/h3>\n<p>[\/et_pb_text][et_pb_text _builder_version=&#8221;4.27.0&#8243; _module_preset=&#8221;80b61e8c-8143-4d61-be5e-5d2e7e70aaca&#8221; custom_padding=&#8221;0px||3px||false|false&#8221; locked=&#8221;off&#8221; global_colors_info=&#8221;{}&#8221;]<\/p>\n<p><strong class=\"name\">Oratorium Nal\u011b\u0107o (The Spring)<\/strong><\/p>\n<p>[\/et_pb_text][et_pb_text _builder_version=&#8221;4.27.0&#8243; _module_preset=&#8221;94c98f00-2ebb-440d-806e-45df9b6c7e91&#8243; min_height=&#8221;69.8px&#8221; custom_margin=&#8221;||5px||false|false&#8221; custom_padding=&#8221;||39px|||&#8221; locked=&#8221;off&#8221; global_colors_info=&#8221;{}&#8221;]<\/p>\n<p>\u2500\u2500 Sorbian Chamber Philharmonic<\/p>\n<p>24.04. Germany, Bautzen, Dom St. Petri<br \/>25.04. Germany, Dresden, Martin Luther Church<br \/>26.04. Germany, Cottbus, Theatre<\/p>\n<p>[\/et_pb_text][et_pb_button button_url=&#8221;https:\/\/www.ansambl.de\/spielplan&#8221; url_new_window=&#8221;on&#8221; button_text=&#8221;Tickets&#8221; _builder_version=&#8221;4.27.0&#8243; _module_preset=&#8221;default&#8221; locked=&#8221;off&#8221; global_colors_info=&#8221;{}&#8221;][\/et_pb_button][et_pb_divider show_divider=&#8221;off&#8221; _builder_version=&#8221;4.27.0&#8243; _module_preset=&#8221;default&#8221; custom_padding=&#8221;||17px|||&#8221; global_colors_info=&#8221;{}&#8221;][\/et_pb_divider][et_pb_text _builder_version=&#8221;4.27.0&#8243; _module_preset=&#8221;cca9d286-5f69-4793-b57a-0681d0486b3d&#8221; locked=&#8221;off&#8221; global_colors_info=&#8221;{}&#8221;]<\/p>\n<h3>10th April<\/h3>\n<p>[\/et_pb_text][et_pb_text _builder_version=&#8221;4.27.0&#8243; _module_preset=&#8221;80b61e8c-8143-4d61-be5e-5d2e7e70aaca&#8221; custom_padding=&#8221;0px||3px||false|false&#8221; locked=&#8221;off&#8221; global_colors_info=&#8221;{}&#8221;]<\/p>\n<p>Dalina (Two-part evening)<\/p>\n<p><em data-start=\"135\" data-end=\"152\">The Fisherwoman (Singspiel\u00a0 from Emilie Mayer, Libretto: Johann Wolfgang von Goethe)<br \/><\/em><\/p>\n<p><em data-start=\"135\" data-end=\"152\">The Architect\u2019s Bird (Music theatre from Christian Mietke, Libretto: R\u00f3\u017ea Doma\u0161cyna)<\/em><\/p>\n<p>[\/et_pb_text][et_pb_text _builder_version=&#8221;4.27.0&#8243; _module_preset=&#8221;94c98f00-2ebb-440d-806e-45df9b6c7e91&#8243; min_height=&#8221;69.8px&#8221; custom_margin=&#8221;||5px||false|false&#8221; custom_padding=&#8221;||39px|||&#8221; locked=&#8221;off&#8221; global_colors_info=&#8221;{}&#8221;]<\/p>\n<p>\u2500\u2500 Sorbian Chamber Philharmonic &amp; Choir of the Sorbian National Ensemble<\/p>\n<p>7:30 pm, Germany, Sorbian National Ensemble Bautzen<\/p>\n<p>[\/et_pb_text][et_pb_button button_url=&#8221;https:\/\/www.ansambl.de\/spielplan&#8221; url_new_window=&#8221;on&#8221; button_text=&#8221;Tickets&#8221; _builder_version=&#8221;4.27.0&#8243; _module_preset=&#8221;default&#8221; locked=&#8221;off&#8221; global_colors_info=&#8221;{}&#8221;][\/et_pb_button][et_pb_divider show_divider=&#8221;off&#8221; _builder_version=&#8221;4.27.0&#8243; _module_preset=&#8221;default&#8221; custom_padding=&#8221;||17px|||&#8221; global_colors_info=&#8221;{}&#8221;][\/et_pb_divider][et_pb_text _builder_version=&#8221;4.27.0&#8243; _module_preset=&#8221;cca9d286-5f69-4793-b57a-0681d0486b3d&#8221; locked=&#8221;off&#8221; global_colors_info=&#8221;{}&#8221;]<\/p>\n<h3>4th &amp; 5th April<\/h3>\n<p>[\/et_pb_text][et_pb_text _builder_version=&#8221;4.27.0&#8243; _module_preset=&#8221;80b61e8c-8143-4d61-be5e-5d2e7e70aaca&#8221; custom_padding=&#8221;0px||3px||false|false&#8221; locked=&#8221;off&#8221; global_colors_info=&#8221;{}&#8221;]<\/p>\n<p><strong class=\"name\">Folklora<\/strong><\/p>\n<p>[\/et_pb_text][et_pb_text _builder_version=&#8221;4.27.0&#8243; _module_preset=&#8221;94c98f00-2ebb-440d-806e-45df9b6c7e91&#8243; min_height=&#8221;69.8px&#8221; custom_margin=&#8221;||5px||false|false&#8221; custom_padding=&#8221;||39px|||&#8221; locked=&#8221;off&#8221; global_colors_info=&#8221;{}&#8221;]<\/p>\n<p>\u2500\u2500 Sorbian Chamber Philharmonic<\/p>\n<p>[\/et_pb_text][et_pb_button button_url=&#8221;https:\/\/www.ansambl.de\/spielplan&#8221; url_new_window=&#8221;on&#8221; button_text=&#8221;Tickets&#8221; _builder_version=&#8221;4.27.0&#8243; _module_preset=&#8221;default&#8221; locked=&#8221;off&#8221; global_colors_info=&#8221;{}&#8221;][\/et_pb_button][et_pb_divider show_divider=&#8221;off&#8221; _builder_version=&#8221;4.27.0&#8243; _module_preset=&#8221;default&#8221; custom_padding=&#8221;||17px|||&#8221; global_colors_info=&#8221;{}&#8221;][\/et_pb_divider][et_pb_text _builder_version=&#8221;4.27.0&#8243; _module_preset=&#8221;cca9d286-5f69-4793-b57a-0681d0486b3d&#8221; locked=&#8221;off&#8221; global_colors_info=&#8221;{}&#8221;]<\/p>\n<h3>21st March<\/h3>\n<p>[\/et_pb_text][et_pb_text _builder_version=&#8221;4.27.0&#8243; _module_preset=&#8221;80b61e8c-8143-4d61-be5e-5d2e7e70aaca&#8221; custom_padding=&#8221;0px||3px||false|false&#8221; locked=&#8221;off&#8221; global_colors_info=&#8221;{}&#8221;]<\/p>\n<p>Dalina (Two-part evening)<\/p>\n<p><em data-start=\"135\" data-end=\"152\">The Fisherwoman (Singspiel\u00a0 from Emilie Mayer, Libretto: Johann Wolfgang von Goethe)<br \/><\/em><\/p>\n<p><em data-start=\"135\" data-end=\"152\">The Architect\u2019s Bird (Music theatre from Christian Mietke, Libretto: R\u00f3\u017ea Doma\u0161cyna)<\/em><\/p>\n<p>[\/et_pb_text][et_pb_text _builder_version=&#8221;4.27.0&#8243; _module_preset=&#8221;94c98f00-2ebb-440d-806e-45df9b6c7e91&#8243; min_height=&#8221;69.8px&#8221; custom_margin=&#8221;||5px||false|false&#8221; custom_padding=&#8221;||39px|||&#8221; locked=&#8221;off&#8221; global_colors_info=&#8221;{}&#8221;]<\/p>\n<p>\u2500\u2500 Sorbian Chamber Philharmonic &amp; Choir of the Sorbian National Ensemble<\/p>\n<p>7:30 pm, Germany, Sorbian National Ensemble Bautzen<\/p>\n<p>[\/et_pb_text][et_pb_button button_url=&#8221;https:\/\/www.ansambl.de\/spielplan&#8221; url_new_window=&#8221;on&#8221; button_text=&#8221;Tickets&#8221; _builder_version=&#8221;4.27.0&#8243; _module_preset=&#8221;default&#8221; locked=&#8221;off&#8221; global_colors_info=&#8221;{}&#8221;][\/et_pb_button][et_pb_divider show_divider=&#8221;off&#8221; _builder_version=&#8221;4.27.0&#8243; _module_preset=&#8221;default&#8221; custom_padding=&#8221;||17px|||&#8221; global_colors_info=&#8221;{}&#8221;][\/et_pb_divider][et_pb_text _builder_version=&#8221;4.27.0&#8243; _module_preset=&#8221;cca9d286-5f69-4793-b57a-0681d0486b3d&#8221; locked=&#8221;off&#8221; global_colors_info=&#8221;{}&#8221;]<\/p>\n<h3>12th March<\/h3>\n<p>[\/et_pb_text][et_pb_text _builder_version=&#8221;4.27.0&#8243; _module_preset=&#8221;80b61e8c-8143-4d61-be5e-5d2e7e70aaca&#8221; custom_padding=&#8221;0px||12px||false|false&#8221; locked=&#8221;off&#8221; global_colors_info=&#8221;{}&#8221;]<\/p>\n<p><strong class=\"name\">Symphonic concert No. 3<\/strong><\/p>\n<p><strong class=\"name\"><\/strong><\/p>\n<p>Leo\u0161 Jana\u010dek<br \/><em><strong>Suite aus der Oper Das schlaue F\u00fcchslein\u00a0<\/strong><\/em><br \/><em><strong>(Arr. I. Farrington)<\/strong><\/em><\/p>\n<p>Jan Bulank<br \/><em><strong>Konzertante Suite<\/strong><\/em><br \/><em><strong>Fassung f\u00fcr Kammerorchester<\/strong><\/em><\/p>\n<p>Jan Paul Nagel<br \/><em>Sinfonia V<\/em><br \/><em>Fassung f\u00fcr Kammerorchester<\/em><\/p>\n<p>Karol Szymanowski<br \/><em><strong>Zwischenaktmusik aus der Oper <\/strong><strong>Knia\u017a Patiomkin <\/strong><strong>op. 51<\/strong><\/em><\/p>\n<p>[\/et_pb_text][et_pb_text _builder_version=&#8221;4.27.0&#8243; _module_preset=&#8221;94c98f00-2ebb-440d-806e-45df9b6c7e91&#8243; min_height=&#8221;69.8px&#8221; custom_margin=&#8221;||5px||false|false&#8221; custom_padding=&#8221;||39px|||&#8221; locked=&#8221;off&#8221; global_colors_info=&#8221;{}&#8221;]<\/p>\n<p>\u2500\u2500 Sorbian Chamber Philharmonic<\/p>\n<p>7:30 pm, Germany, Sorbian National Ensemble Bautzen<\/p>\n<p>[\/et_pb_text][et_pb_button button_url=&#8221;https:\/\/www.ansambl.de\/repertoire\/konzerte\/3-sinfonisches-konzert&#8221; url_new_window=&#8221;on&#8221; button_text=&#8221;Tickets&#8221; _builder_version=&#8221;4.27.0&#8243; _module_preset=&#8221;default&#8221; locked=&#8221;off&#8221; global_colors_info=&#8221;{}&#8221;][\/et_pb_button][et_pb_divider show_divider=&#8221;off&#8221; _builder_version=&#8221;4.27.0&#8243; _module_preset=&#8221;default&#8221; custom_padding=&#8221;||17px|||&#8221; global_colors_info=&#8221;{}&#8221;][\/et_pb_divider][et_pb_text _builder_version=&#8221;4.27.0&#8243; _module_preset=&#8221;cca9d286-5f69-4793-b57a-0681d0486b3d&#8221; locked=&#8221;off&#8221; global_colors_info=&#8221;{}&#8221;]<\/p>\n<h3>6th February<\/h3>\n<p>[\/et_pb_text][et_pb_text _builder_version=&#8221;4.27.0&#8243; _module_preset=&#8221;80b61e8c-8143-4d61-be5e-5d2e7e70aaca&#8221; custom_padding=&#8221;0px||3px||false|false&#8221; locked=&#8221;off&#8221; global_colors_info=&#8221;{}&#8221;]<\/p>\n<p><strong class=\"name\">Serenade for Strings<\/strong><\/p>\n<p>[\/et_pb_text][et_pb_text _builder_version=&#8221;4.27.7&#8243; _module_preset=&#8221;94c98f00-2ebb-440d-806e-45df9b6c7e91&#8243; min_height=&#8221;69.8px&#8221; custom_margin=&#8221;||5px||false|false&#8221; custom_padding=&#8221;||39px|||&#8221; locked=&#8221;off&#8221; global_colors_info=&#8221;{}&#8221;]<\/p>\n<p>\u2500\u2500 Sorbian Chamber Philharmonic, Tenor &#8211; Daniel Johannsen, Horn &#8211; Lutz Lehmann<\/p>\n<p>7:30 pm, Germany, Sorbian National Ensemble Bautzen<\/p>\n<p>[\/et_pb_text][et_pb_button button_url=&#8221;https:\/\/www.ansambl.de\/spielplan&#8221; url_new_window=&#8221;on&#8221; button_text=&#8221;Tickets&#8221; _builder_version=&#8221;4.27.0&#8243; _module_preset=&#8221;default&#8221; locked=&#8221;off&#8221; global_colors_info=&#8221;{}&#8221;][\/et_pb_button][et_pb_divider show_divider=&#8221;off&#8221; _builder_version=&#8221;4.27.0&#8243; _module_preset=&#8221;default&#8221; custom_padding=&#8221;||17px|||&#8221; global_colors_info=&#8221;{}&#8221;][\/et_pb_divider][et_pb_text _builder_version=&#8221;4.27.0&#8243; _module_preset=&#8221;cca9d286-5f69-4793-b57a-0681d0486b3d&#8221; locked=&#8221;off&#8221; global_colors_info=&#8221;{}&#8221;]<\/p>\n<h3>01st-30th January<\/h3>\n<p>[\/et_pb_text][et_pb_text _builder_version=&#8221;4.27.0&#8243; _module_preset=&#8221;80b61e8c-8143-4d61-be5e-5d2e7e70aaca&#8221; locked=&#8221;off&#8221; global_colors_info=&#8221;{}&#8221;]<\/p>\n<p>New Years Concert<\/p>\n<p>[\/et_pb_text][et_pb_text _builder_version=&#8221;4.27.0&#8243; _module_preset=&#8221;94c98f00-2ebb-440d-806e-45df9b6c7e91&#8243; custom_margin=&#8221;||5px||false|false&#8221; custom_padding=&#8221;||39px|||&#8221; locked=&#8221;off&#8221; global_colors_info=&#8221;{}&#8221;]<\/p>\n<p>\u2500\u2500 Sorbian Chamber Philharmonic<\/p>\n<p>01.01. 4:00 pm, Germany, Erfurt<\/p>\n<p>04.01. 6:00 pm, Germany, Balingen Stadthalle<\/p>\n<p>09.01. 6:30 pm, Germany, Senftenberg Neue B\u00fchne<\/p>\n<p>11.01. 5:00 pm,Wei\u00dfenberg, Sch\u00fctzenhaus<\/p>\n<p>30.01. 7:00 pm, Germany, Wilthen Haus Bergland<\/p>\n<p>[\/et_pb_text][et_pb_button button_url=&#8221;https:\/\/www.ansambl.de\/spielplan&#8221; url_new_window=&#8221;on&#8221; button_text=&#8221;Tickets&#8221; _builder_version=&#8221;4.27.0&#8243; _module_preset=&#8221;default&#8221; locked=&#8221;off&#8221; global_colors_info=&#8221;{}&#8221;][\/et_pb_button][\/et_pb_column][\/et_pb_row][et_pb_row column_structure=&#8221;2_5,3_5&#8243; module_class=&#8221;event-row&#8221; _builder_version=&#8221;4.27.0&#8243; _module_preset=&#8221;default&#8221; max_width=&#8221;600px&#8221; module_alignment=&#8221;center&#8221; min_height=&#8221;100px&#8221; custom_margin=&#8221;|auto|48px|auto||&#8221; custom_padding=&#8221;0px||0px|||&#8221; global_colors_info=&#8221;{}&#8221;][et_pb_column type=&#8221;2_5&#8243; _builder_version=&#8221;4.16&#8243; _module_preset=&#8221;default&#8221; global_colors_info=&#8221;{}&#8221;][et_pb_text _builder_version=&#8221;4.27.0&#8243; _module_preset=&#8221;e813068e-63fe-4fa6-8060-ad98142ef137&#8243; custom_padding=&#8221;32px||||false|false&#8221; sticky_position=&#8221;top&#8221; sticky_limit_bottom=&#8221;row&#8221; global_colors_info=&#8221;{}&#8221;]<\/p>\n<h2>2025<\/h2>\n<p>[\/et_pb_text][\/et_pb_column][et_pb_column type=&#8221;3_5&#8243; _builder_version=&#8221;4.16&#8243; _module_preset=&#8221;default&#8221; global_colors_info=&#8221;{}&#8221;][et_pb_text _builder_version=&#8221;4.27.0&#8243; _module_preset=&#8221;cca9d286-5f69-4793-b57a-0681d0486b3d&#8221; locked=&#8221;off&#8221; global_colors_info=&#8221;{}&#8221;]<\/p>\n<h3>30th &amp; 31st December<\/h3>\n<p>[\/et_pb_text][et_pb_text _builder_version=&#8221;4.27.0&#8243; _module_preset=&#8221;80b61e8c-8143-4d61-be5e-5d2e7e70aaca&#8221; custom_padding=&#8221;0px||3px||false|false&#8221; locked=&#8221;off&#8221; global_colors_info=&#8221;{}&#8221;]<\/p>\n<p><strong class=\"name\">New Year&#8217;s Eve concert<\/strong><\/p>\n<p>[\/et_pb_text][et_pb_text _builder_version=&#8221;4.27.0&#8243; _module_preset=&#8221;94c98f00-2ebb-440d-806e-45df9b6c7e91&#8243; min_height=&#8221;69.8px&#8221; custom_margin=&#8221;||5px||false|false&#8221; custom_padding=&#8221;||39px|||&#8221; locked=&#8221;off&#8221; global_colors_info=&#8221;{}&#8221;]<\/p>\n<p>\u2500\u2500 Sorbian Chamber Philharmonic<\/p>\n<p>30.12. 7:30 pm, Germany, Sorbian National Ensemble Bautzen<\/p>\n<p>31.12. 3:30 pm, Germany, Sorbian National Ensemble Bautzen<\/p>\n<p>31.12. 7:30 pm, Germany, Sorbian National Ensemble Bautzen<\/p>\n<p>[\/et_pb_text][et_pb_button button_url=&#8221;https:\/\/www.ansambl.de\/repertoire\/konzerte\/neujahrskonzert&#8221; url_new_window=&#8221;on&#8221; button_text=&#8221;Tickets&#8221; _builder_version=&#8221;4.27.0&#8243; _module_preset=&#8221;default&#8221; locked=&#8221;off&#8221; global_colors_info=&#8221;{}&#8221;][\/et_pb_button][et_pb_divider show_divider=&#8221;off&#8221; _builder_version=&#8221;4.27.0&#8243; _module_preset=&#8221;default&#8221; custom_padding=&#8221;||17px|||&#8221; global_colors_info=&#8221;{}&#8221;][\/et_pb_divider][et_pb_text _builder_version=&#8221;4.27.0&#8243; _module_preset=&#8221;cca9d286-5f69-4793-b57a-0681d0486b3d&#8221; locked=&#8221;off&#8221; global_colors_info=&#8221;{}&#8221;]<\/p>\n<h3>11th December<\/h3>\n<p>[\/et_pb_text][et_pb_text _builder_version=&#8221;4.27.0&#8243; _module_preset=&#8221;80b61e8c-8143-4d61-be5e-5d2e7e70aaca&#8221; custom_padding=&#8221;0px||3px||false|false&#8221; locked=&#8221;off&#8221; global_colors_info=&#8221;{}&#8221;]<\/p>\n<p><strong class=\"name\">Symphonic concert No. 3 &#8211; The Secret<br \/><\/strong><\/p>\n<p>Alexander Polinskiy<br \/><em><strong>The Secret<\/strong><\/em><\/p>\n<p>Heinz Roy<br \/><em><strong>Clarinet Concerto<\/strong><\/em><\/p>\n<p>Ludwig van Beethoven<br \/><em><strong>Incidental Music to Goethe&#8217;s Egmont, Op. 84<\/strong><\/em>\u00a0<\/p>\n<p>[\/et_pb_text][et_pb_text _builder_version=&#8221;4.27.7&#8243; _module_preset=&#8221;94c98f00-2ebb-440d-806e-45df9b6c7e91&#8243; min_height=&#8221;69.8px&#8221; custom_margin=&#8221;||5px||false|false&#8221; custom_padding=&#8221;||39px|||&#8221; locked=&#8221;off&#8221; global_colors_info=&#8221;{}&#8221;]<\/p>\n<p>\u2500\u2500 Sorbian Chamber Philharmonic, Clarinet &#8211; Robert Oberaigner, Soprano &#8211; Yvonne Prentki<\/p>\n<p>7:30 pm, Germany, Deutsch-Sorbisches Volkstheater Bautzen<\/p>\n<p>[\/et_pb_text][et_pb_button button_url=&#8221;https:\/\/www.ansambl.de\/repertoire\/einzelveranstaltungen\/sinfoniekonzert&#8221; url_new_window=&#8221;on&#8221; button_text=&#8221;Tickets&#8221; _builder_version=&#8221;4.27.0&#8243; _module_preset=&#8221;default&#8221; locked=&#8221;off&#8221; global_colors_info=&#8221;{}&#8221;][\/et_pb_button][et_pb_divider show_divider=&#8221;off&#8221; _builder_version=&#8221;4.27.0&#8243; _module_preset=&#8221;default&#8221; custom_padding=&#8221;||17px|||&#8221; global_colors_info=&#8221;{}&#8221;][\/et_pb_divider][et_pb_text _builder_version=&#8221;4.27.0&#8243; _module_preset=&#8221;cca9d286-5f69-4793-b57a-0681d0486b3d&#8221; locked=&#8221;off&#8221; global_colors_info=&#8221;{}&#8221;]<\/p>\n<h3>14th &amp; 15th November<\/h3>\n<p>[\/et_pb_text][et_pb_text _builder_version=&#8221;4.27.0&#8243; _module_preset=&#8221;80b61e8c-8143-4d61-be5e-5d2e7e70aaca&#8221; min_height=&#8221;2.2px&#8221; custom_padding=&#8221;0px||3px||false|false&#8221; locked=&#8221;off&#8221; global_colors_info=&#8221;{}&#8221;]<\/p>\n<p><strong>Bautzen Proms<\/strong><\/p>\n<p>[\/et_pb_text][et_pb_text _builder_version=&#8221;4.27.0&#8243; _module_preset=&#8221;94c98f00-2ebb-440d-806e-45df9b6c7e91&#8243; min_height=&#8221;69.8px&#8221; custom_margin=&#8221;||5px||false|false&#8221; custom_padding=&#8221;||39px|||&#8221; locked=&#8221;off&#8221; global_colors_info=&#8221;{}&#8221;]<\/p>\n<p>\u2500\u2500 Sorbian Chamber Philharmonic<\/p>\n<p>7:30 pm, Germany, Deutsch-Sorbisches Volkstheater Bautzen<\/p>\n<p>[\/et_pb_text][et_pb_button button_url=&#8221;https:\/\/www.ansambl.de\/repertoire\/einzelveranstaltungen\/buehnenball&#8221; url_new_window=&#8221;on&#8221; button_text=&#8221;Tickets&#8221; _builder_version=&#8221;4.27.0&#8243; _module_preset=&#8221;default&#8221; locked=&#8221;off&#8221; global_colors_info=&#8221;{}&#8221;][\/et_pb_button][et_pb_divider show_divider=&#8221;off&#8221; _builder_version=&#8221;4.27.0&#8243; _module_preset=&#8221;default&#8221; custom_padding=&#8221;||17px|||&#8221; global_colors_info=&#8221;{}&#8221;][\/et_pb_divider][et_pb_text _builder_version=&#8221;4.27.0&#8243; _module_preset=&#8221;cca9d286-5f69-4793-b57a-0681d0486b3d&#8221; locked=&#8221;off&#8221; global_colors_info=&#8221;{}&#8221;]<\/p>\n<h3>02nd November<\/h3>\n<p>[\/et_pb_text][et_pb_text _builder_version=&#8221;4.27.0&#8243; _module_preset=&#8221;80b61e8c-8143-4d61-be5e-5d2e7e70aaca&#8221; min_height=&#8221;211.2px&#8221; custom_padding=&#8221;0px||3px||false|false&#8221; locked=&#8221;off&#8221; global_colors_info=&#8221;{}&#8221;]<\/p>\n<p><strong class=\"name\">Symphonic concert No. 2 &#8211; Golden Sound<br \/><\/strong><\/p>\n<p><strong class=\"name\">Wolfgang Amadeus Mozart<br \/><em><strong>Ouverture to <\/strong><strong>Cos\u00ec fan tutte<\/strong><strong>, KV 588<\/strong><\/em><\/strong><\/p>\n<p><strong class=\"name\">Ulrich Pogoda<br \/><em><strong>Concerto saxofonia\u00a0<\/strong><\/em><\/strong><\/p>\n<p><strong class=\"name\">Felix Mendelssohn Bartholdy<br \/><em><strong>Symphony No. 1 c-minor, op. 11<\/strong><\/em><\/strong><\/p>\n<p>[\/et_pb_text][et_pb_text _builder_version=&#8221;4.27.7&#8243; _module_preset=&#8221;94c98f00-2ebb-440d-806e-45df9b6c7e91&#8243; min_height=&#8221;69.8px&#8221; custom_margin=&#8221;||5px||false|false&#8221; custom_padding=&#8221;||39px|||&#8221; locked=&#8221;off&#8221; global_colors_info=&#8221;{}&#8221;]<\/p>\n<p>\u2500\u2500 Sorbian Chamber Philharmonic, Saxophone &#8211; Gerold Gnausch<\/p>\n<p>5:00 pm, Germany, Sorbian National Ensemble Bautzen<\/p>\n<p>[\/et_pb_text][et_pb_button button_url=&#8221;https:\/\/www.ansambl.de\/repertoire\/konzerte\/sinfonisches-konzert&#8221; url_new_window=&#8221;on&#8221; button_text=&#8221;Tickets&#8221; _builder_version=&#8221;4.27.0&#8243; _module_preset=&#8221;default&#8221; locked=&#8221;off&#8221; global_colors_info=&#8221;{}&#8221;][\/et_pb_button][et_pb_divider show_divider=&#8221;off&#8221; _builder_version=&#8221;4.27.0&#8243; _module_preset=&#8221;default&#8221; min_height=&#8221;0px&#8221; custom_padding=&#8221;||17px|||&#8221; global_colors_info=&#8221;{}&#8221;][\/et_pb_divider][et_pb_text _builder_version=&#8221;4.27.0&#8243; _module_preset=&#8221;cca9d286-5f69-4793-b57a-0681d0486b3d&#8221; locked=&#8221;off&#8221; global_colors_info=&#8221;{}&#8221;]<\/p>\n<h3>26th October<\/h3>\n<p>[\/et_pb_text][et_pb_text _builder_version=&#8221;4.27.0&#8243; _module_preset=&#8221;80b61e8c-8143-4d61-be5e-5d2e7e70aaca&#8221; custom_padding=&#8221;0px||3px||false|false&#8221; locked=&#8221;off&#8221; global_colors_info=&#8221;{}&#8221;]<\/p>\n<p><strong class=\"name\">Romanian night<br \/><\/strong><\/p>\n<p>[\/et_pb_text][et_pb_text _builder_version=&#8221;4.27.0&#8243; _module_preset=&#8221;94c98f00-2ebb-440d-806e-45df9b6c7e91&#8243; min_height=&#8221;69.8px&#8221; custom_margin=&#8221;||5px||false|false&#8221; custom_padding=&#8221;||39px|||&#8221; locked=&#8221;off&#8221; global_colors_info=&#8221;{}&#8221;]<\/p>\n<p>\u2500\u2500 Sorbian Chamber Philharmonic &amp; Choir of the Sorbian National Ensemble<\/p>\n<p>5:00 pm, Germany, Sorbian National Ensemble Bautzen<\/p>\n<p>[\/et_pb_text][et_pb_button button_url=&#8221;https:\/\/www.ansambl.de\/spielplan&#8221; url_new_window=&#8221;on&#8221; button_text=&#8221;Tickets&#8221; _builder_version=&#8221;4.27.0&#8243; _module_preset=&#8221;default&#8221; locked=&#8221;off&#8221; global_colors_info=&#8221;{}&#8221;][\/et_pb_button][et_pb_divider show_divider=&#8221;off&#8221; _builder_version=&#8221;4.27.0&#8243; _module_preset=&#8221;default&#8221; min_height=&#8221;0px&#8221; custom_padding=&#8221;||17px|||&#8221; global_colors_info=&#8221;{}&#8221;][\/et_pb_divider][et_pb_text _builder_version=&#8221;4.27.0&#8243; _module_preset=&#8221;cca9d286-5f69-4793-b57a-0681d0486b3d&#8221; locked=&#8221;off&#8221; global_colors_info=&#8221;{}&#8221;]<\/p>\n<h3>19th October<\/h3>\n<p>[\/et_pb_text][et_pb_text _builder_version=&#8221;4.27.0&#8243; _module_preset=&#8221;80b61e8c-8143-4d61-be5e-5d2e7e70aaca&#8221; custom_padding=&#8221;0px||3px||false|false&#8221; locked=&#8221;off&#8221; global_colors_info=&#8221;{}&#8221;]<\/p>\n<p>Dalina (Two-part evening)<\/p>\n<p><em data-start=\"135\" data-end=\"152\">The Fisherwoman (Singspiel\u00a0 from Emilie Mayer, Libretto: Johann Wolfgang von Goethe)<br \/><\/em><\/p>\n<p><em data-start=\"135\" data-end=\"152\">The Architect\u2019s Bird (Music theatre from Christian Mietke, Libretto: R\u00f3\u017ea Doma\u0161cyna)<br \/><\/em><\/p>\n<p>[\/et_pb_text][et_pb_text _builder_version=&#8221;4.27.0&#8243; _module_preset=&#8221;94c98f00-2ebb-440d-806e-45df9b6c7e91&#8243; min_height=&#8221;69.8px&#8221; custom_margin=&#8221;||5px||false|false&#8221; custom_padding=&#8221;||39px|||&#8221; locked=&#8221;off&#8221; global_colors_info=&#8221;{}&#8221;]<\/p>\n<p>\u2500\u2500 Sorbian Chamber Philharmonic &amp; Choir of the Sorbian National Ensemble\u00a0<\/p>\n<p>5:00 pm, Germany, Sorbian National Ensemble Bautzen<\/p>\n<p>[\/et_pb_text][et_pb_button button_url=&#8221;https:\/\/www.ansambl.de\/spielplan&#8221; url_new_window=&#8221;on&#8221; button_text=&#8221;Tickets&#8221; _builder_version=&#8221;4.27.0&#8243; _module_preset=&#8221;default&#8221; locked=&#8221;off&#8221; global_colors_info=&#8221;{}&#8221;][\/et_pb_button][et_pb_divider show_divider=&#8221;off&#8221; _builder_version=&#8221;4.27.0&#8243; _module_preset=&#8221;default&#8221; custom_padding=&#8221;||17px|||&#8221; locked=&#8221;off&#8221; global_colors_info=&#8221;{}&#8221;][\/et_pb_divider][et_pb_text _builder_version=&#8221;4.27.0&#8243; _module_preset=&#8221;cca9d286-5f69-4793-b57a-0681d0486b3d&#8221; locked=&#8221;off&#8221; global_colors_info=&#8221;{}&#8221;]<\/p>\n<h3>12th October<\/h3>\n<p>[\/et_pb_text][et_pb_text _builder_version=&#8221;4.27.0&#8243; _module_preset=&#8221;80b61e8c-8143-4d61-be5e-5d2e7e70aaca&#8221; custom_padding=&#8221;0px||3px||false|false&#8221; locked=&#8221;off&#8221; global_colors_info=&#8221;{}&#8221;]<\/p>\n<p>Dalina (Two-part evening)<\/p>\n<p><em data-start=\"135\" data-end=\"152\">The Fisherwoman (Singspiel\u00a0 from Emilie Mayer, Libretto: Johann Wolfgang von Goethe)<br \/><\/em><\/p>\n<p><em data-start=\"135\" data-end=\"152\">The Architect\u2019s Bird (Music theatre from Christian Mietke, Libretto: R\u00f3\u017ea Doma\u0161cyna)<br \/><\/em><\/p>\n<p>[\/et_pb_text][et_pb_text _builder_version=&#8221;4.27.0&#8243; _module_preset=&#8221;94c98f00-2ebb-440d-806e-45df9b6c7e91&#8243; min_height=&#8221;69.8px&#8221; custom_margin=&#8221;||5px||false|false&#8221; custom_padding=&#8221;||39px|||&#8221; locked=&#8221;off&#8221; global_colors_info=&#8221;{}&#8221;]<\/p>\n<p>\u2500\u2500 Sorbian Chamber Philharmonic, &amp; Choir of the Sorbian National Ensemble\u00a0<\/p>\n<p>5:00 pm, Germany, Sorbian National Ensemble Bautzen<\/p>\n<p>[\/et_pb_text][et_pb_button button_url=&#8221;https:\/\/www.ansambl.de\/spielplan&#8221; url_new_window=&#8221;on&#8221; button_text=&#8221;Tickets&#8221; _builder_version=&#8221;4.27.0&#8243; _module_preset=&#8221;default&#8221; locked=&#8221;off&#8221; global_colors_info=&#8221;{}&#8221;][\/et_pb_button][et_pb_divider show_divider=&#8221;off&#8221; _builder_version=&#8221;4.27.0&#8243; _module_preset=&#8221;default&#8221; custom_padding=&#8221;||17px|||&#8221; locked=&#8221;off&#8221; global_colors_info=&#8221;{}&#8221;][\/et_pb_divider][et_pb_text _builder_version=&#8221;4.27.0&#8243; _module_preset=&#8221;cca9d286-5f69-4793-b57a-0681d0486b3d&#8221; locked=&#8221;off&#8221; global_colors_info=&#8221;{}&#8221;]<\/p>\n<h3>11th October<\/h3>\n<p>[\/et_pb_text][et_pb_text _builder_version=&#8221;4.27.0&#8243; _module_preset=&#8221;80b61e8c-8143-4d61-be5e-5d2e7e70aaca&#8221; custom_padding=&#8221;0px||3px||false|false&#8221; locked=&#8221;off&#8221; global_colors_info=&#8221;{}&#8221;]<\/p>\n<p>Dalina (Two-part evening)<\/p>\n<p><em data-start=\"135\" data-end=\"152\">The Fisherwoman (Singspiel\u00a0 from Emilie Mayer, Libretto: Johann Wolfgang von Goethe)<br \/><\/em><\/p>\n<p><em data-start=\"135\" data-end=\"152\">The Architect\u2019s Bird (Music theatre from Christian Mietke, Libretto: R\u00f3\u017ea Doma\u0161cyna)<br \/><\/em><\/p>\n<p>[\/et_pb_text][et_pb_text _builder_version=&#8221;4.27.0&#8243; _module_preset=&#8221;94c98f00-2ebb-440d-806e-45df9b6c7e91&#8243; min_height=&#8221;69.8px&#8221; custom_margin=&#8221;||5px||false|false&#8221; custom_padding=&#8221;||39px|||&#8221; locked=&#8221;off&#8221; global_colors_info=&#8221;{}&#8221;]<\/p>\n<p>\u2500\u2500 Sorbian Chamber Philharmonic &amp; Choir of the Sorbian National Ensemble\u00a0<\/p>\n<p>7:30 pm, Germany, Sorbian National Ensemble Bautzen<\/p>\n<p>[\/et_pb_text][et_pb_button button_url=&#8221;https:\/\/www.ansambl.de\/spielplan&#8221; url_new_window=&#8221;on&#8221; button_text=&#8221;Tickets&#8221; _builder_version=&#8221;4.27.0&#8243; _module_preset=&#8221;default&#8221; locked=&#8221;off&#8221; global_colors_info=&#8221;{}&#8221;][\/et_pb_button][et_pb_divider show_divider=&#8221;off&#8221; _builder_version=&#8221;4.27.0&#8243; _module_preset=&#8221;default&#8221; custom_padding=&#8221;||17px|||&#8221; global_colors_info=&#8221;{}&#8221;][\/et_pb_divider][et_pb_text _builder_version=&#8221;4.27.0&#8243; _module_preset=&#8221;cca9d286-5f69-4793-b57a-0681d0486b3d&#8221; locked=&#8221;off&#8221; global_colors_info=&#8221;{}&#8221;]<\/p>\n<h3>4th October<\/h3>\n<p>[\/et_pb_text][et_pb_text _builder_version=&#8221;4.27.0&#8243; _module_preset=&#8221;80b61e8c-8143-4d61-be5e-5d2e7e70aaca&#8221; custom_padding=&#8221;0px||3px||false|false&#8221; locked=&#8221;off&#8221; global_colors_info=&#8221;{}&#8221;]<\/p>\n<p>Premiere &#8220;Dalina&#8221;<\/p>\n<p><em data-start=\"135\" data-end=\"152\">The Fisherwoman (Singspiel\u00a0 from Emilie Mayer, Libretto: Johann Wolfgang von Goethe)<br \/><\/em><\/p>\n<p><em data-start=\"135\" data-end=\"152\">The Architect\u2019s Bird (Music theatre from Christian Mietke, Libretto: R\u00f3\u017ea Doma\u0161cyna)<br \/><\/em><\/p>\n<p>[\/et_pb_text][et_pb_text _builder_version=&#8221;4.27.0&#8243; _module_preset=&#8221;94c98f00-2ebb-440d-806e-45df9b6c7e91&#8243; min_height=&#8221;69.8px&#8221; custom_margin=&#8221;||5px||false|false&#8221; custom_padding=&#8221;||39px|||&#8221; locked=&#8221;off&#8221; global_colors_info=&#8221;{}&#8221;]<\/p>\n<p>\u2500\u2500 Sorbian Chamber Philharmonic &amp; Choir of the Sorbian National Ensemble\u00a0<\/p>\n<p>7:30 pm, Germany, Sorbian National Ensemble Bautzen<\/p>\n<p>[\/et_pb_text][et_pb_button button_url=&#8221;https:\/\/www.ansambl.de\/spielplan&#8221; url_new_window=&#8221;on&#8221; button_text=&#8221;Tickets&#8221; _builder_version=&#8221;4.27.0&#8243; _module_preset=&#8221;default&#8221; locked=&#8221;off&#8221; global_colors_info=&#8221;{}&#8221;][\/et_pb_button][et_pb_divider show_divider=&#8221;off&#8221; _builder_version=&#8221;4.27.0&#8243; _module_preset=&#8221;default&#8221; custom_padding=&#8221;||17px|||&#8221; global_colors_info=&#8221;{}&#8221;][\/et_pb_divider][et_pb_text _builder_version=&#8221;4.27.0&#8243; _module_preset=&#8221;cca9d286-5f69-4793-b57a-0681d0486b3d&#8221; locked=&#8221;off&#8221; global_colors_info=&#8221;{}&#8221;]<\/p>\n<h3>14th September<\/h3>\n<p>[\/et_pb_text][et_pb_text _builder_version=&#8221;4.27.0&#8243; _module_preset=&#8221;80b61e8c-8143-4d61-be5e-5d2e7e70aaca&#8221; custom_padding=&#8221;0px||3px||false|false&#8221; locked=&#8221;off&#8221; global_colors_info=&#8221;{}&#8221;]<\/p>\n<p><strong>Symphonic concert No.1 <br \/><\/strong><\/p>\n<p><strong>Jean Kurt Forest<\/strong><strong class=\"name\"><br \/><em>Suite on Sorbian Folk Melodies<\/em><br \/><\/strong><\/p>\n<p><strong class=\"name\">Jan Rawp<br \/><em><strong>Symphonie verte-bleue<\/strong><\/em><\/strong><\/p>\n<p><strong class=\"name\">Alexander Zemlinsky<br \/><em><strong>Waldgespr\u00e4ch<\/strong><\/em><\/strong><\/p>\n<p><strong class=\"name\">Dmitri Shostakovich<br \/><em><strong>Chamber Symphony Op. 73a (Arr. R. Barshai)<\/strong><\/em><\/strong><\/p>\n<p><strong class=\"name\"><\/strong><\/p>\n<p>[\/et_pb_text][et_pb_text _builder_version=&#8221;4.27.7&#8243; _module_preset=&#8221;94c98f00-2ebb-440d-806e-45df9b6c7e91&#8243; min_height=&#8221;69.8px&#8221; custom_margin=&#8221;||5px||false|false&#8221; custom_padding=&#8221;||39px|||&#8221; locked=&#8221;off&#8221; global_colors_info=&#8221;{}&#8221;]<\/p>\n<p>\u2500\u2500 Sorbian Chamber Philharmonic, Soprano &#8211; Romy Petrick<\/p>\n<p>5:00 pm, Germany, Sorbian National Ensemble Bautzen<\/p>\n<p>[\/et_pb_text][et_pb_button button_url=&#8221;https:\/\/www.ansambl.de\/repertoire\/konzerte\/1-sinfonisches-konzert&#8221; url_new_window=&#8221;on&#8221; button_text=&#8221;Tickets&#8221; _builder_version=&#8221;4.27.0&#8243; _module_preset=&#8221;default&#8221; locked=&#8221;off&#8221; global_colors_info=&#8221;{}&#8221;][\/et_pb_button][et_pb_divider show_divider=&#8221;off&#8221; _builder_version=&#8221;4.27.0&#8243; _module_preset=&#8221;default&#8221; custom_padding=&#8221;||17px|||&#8221; global_colors_info=&#8221;{}&#8221;][\/et_pb_divider][et_pb_text _builder_version=&#8221;4.27.0&#8243; _module_preset=&#8221;cca9d286-5f69-4793-b57a-0681d0486b3d&#8221; locked=&#8221;off&#8221; global_colors_info=&#8221;{}&#8221;]<\/p>\n<h3>29th August<\/h3>\n<p>[\/et_pb_text][et_pb_text _builder_version=&#8221;4.27.0&#8243; _module_preset=&#8221;80b61e8c-8143-4d61-be5e-5d2e7e70aaca&#8221; custom_padding=&#8221;0px||3px||false|false&#8221; locked=&#8221;off&#8221; global_colors_info=&#8221;{}&#8221;]<\/p>\n<p><strong class=\"name\">May I have this dance?<\/strong><\/p>\n<p>[\/et_pb_text][et_pb_text _builder_version=&#8221;4.27.0&#8243; _module_preset=&#8221;94c98f00-2ebb-440d-806e-45df9b6c7e91&#8243; min_height=&#8221;69.8px&#8221; custom_margin=&#8221;||5px||false|false&#8221; custom_padding=&#8221;||39px|||&#8221; locked=&#8221;off&#8221; global_colors_info=&#8221;{}&#8221;]<\/p>\n<p>\u2500\u2500 Sorbian Chamber Philharmonic<\/p>\n<p>7:00 pm, Germany, Bautzen, Hauptmarkt<\/p>\n<p>[\/et_pb_text][et_pb_button button_url=&#8221;https:\/\/www.ansambl.de\/repertoire\/konzerte\/darf-ich-bitten&#8221; url_new_window=&#8221;on&#8221; button_text=&#8221;More (no tickets required)&#8221; _builder_version=&#8221;4.27.0&#8243; _module_preset=&#8221;default&#8221; locked=&#8221;off&#8221; global_colors_info=&#8221;{}&#8221;][\/et_pb_button][et_pb_divider show_divider=&#8221;off&#8221; _builder_version=&#8221;4.27.0&#8243; _module_preset=&#8221;default&#8221; custom_padding=&#8221;||17px|||&#8221; global_colors_info=&#8221;{}&#8221;][\/et_pb_divider][et_pb_text _builder_version=&#8221;4.27.0&#8243; _module_preset=&#8221;cca9d286-5f69-4793-b57a-0681d0486b3d&#8221; locked=&#8221;off&#8221; global_colors_info=&#8221;{}&#8221;]<\/p>\n<h3>22nd &amp; 23rd August<\/h3>\n<p>[\/et_pb_text][et_pb_text _builder_version=&#8221;4.27.0&#8243; _module_preset=&#8221;80b61e8c-8143-4d61-be5e-5d2e7e70aaca&#8221; custom_padding=&#8221;0px||3px||false|false&#8221; locked=&#8221;off&#8221; global_colors_info=&#8221;{}&#8221;]<\/p>\n<p><strong class=\"name\">Romanian night<br \/><\/strong><\/p>\n<p>[\/et_pb_text][et_pb_text _builder_version=&#8221;4.27.0&#8243; _module_preset=&#8221;94c98f00-2ebb-440d-806e-45df9b6c7e91&#8243; min_height=&#8221;69.8px&#8221; custom_margin=&#8221;||5px||false|false&#8221; custom_padding=&#8221;||39px|||&#8221; locked=&#8221;off&#8221; global_colors_info=&#8221;{}&#8221;]<\/p>\n<p>\u2500\u2500 Sorbian Chamber Philharmonic &amp; Choir of the Sorbian National Ensemble\u00a0<\/p>\n<p>8:00 pm, Germany, Schmochtitz, St Benno<\/p>\n<p>[\/et_pb_text][et_pb_button button_url=&#8221;https:\/\/www.ansambl.de\/spielplan&#8221; url_new_window=&#8221;on&#8221; button_text=&#8221;Tickets&#8221; _builder_version=&#8221;4.27.0&#8243; _module_preset=&#8221;default&#8221; locked=&#8221;off&#8221; global_colors_info=&#8221;{}&#8221;][\/et_pb_button][et_pb_divider show_divider=&#8221;off&#8221; _builder_version=&#8221;4.27.0&#8243; _module_preset=&#8221;default&#8221; custom_padding=&#8221;||17px|||&#8221; global_colors_info=&#8221;{}&#8221;][\/et_pb_divider][et_pb_text _builder_version=&#8221;4.27.0&#8243; _module_preset=&#8221;cca9d286-5f69-4793-b57a-0681d0486b3d&#8221; locked=&#8221;off&#8221; global_colors_info=&#8221;{}&#8221;]<\/p>\n<h3>06th July<\/h3>\n<p>[\/et_pb_text][et_pb_text _builder_version=&#8221;4.27.0&#8243; _module_preset=&#8221;80b61e8c-8143-4d61-be5e-5d2e7e70aaca&#8221; custom_padding=&#8221;0px||3px||false|false&#8221; locked=&#8221;off&#8221; global_colors_info=&#8221;{}&#8221;]<\/p>\n<p><strong class=\"name\">Operetta Gala<br \/><\/strong><\/p>\n<p>[\/et_pb_text][et_pb_text _builder_version=&#8221;4.27.0&#8243; _module_preset=&#8221;94c98f00-2ebb-440d-806e-45df9b6c7e91&#8243; min_height=&#8221;69.8px&#8221; custom_margin=&#8221;||5px||false|false&#8221; custom_padding=&#8221;||39px|||&#8221; locked=&#8221;off&#8221; global_colors_info=&#8221;{}&#8221;]<\/p>\n<p>\u2500\u2500 Orchestra of the Sorbian National Ensemble<\/p>\n<p>3:00 pm, Germany, Sorn\u00dfig, Castle<\/p>\n<p>[\/et_pb_text][et_pb_button button_url=&#8221;https:\/\/www.ansambl.de\/spielplan&#8221; url_new_window=&#8221;on&#8221; button_text=&#8221;Tickets&#8221; _builder_version=&#8221;4.27.0&#8243; _module_preset=&#8221;default&#8221; locked=&#8221;off&#8221; global_colors_info=&#8221;{}&#8221;][\/et_pb_button][et_pb_divider show_divider=&#8221;off&#8221; _builder_version=&#8221;4.27.0&#8243; _module_preset=&#8221;default&#8221; custom_padding=&#8221;||17px|||&#8221; global_colors_info=&#8221;{}&#8221;][\/et_pb_divider][et_pb_text _builder_version=&#8221;4.27.0&#8243; _module_preset=&#8221;cca9d286-5f69-4793-b57a-0681d0486b3d&#8221; locked=&#8221;off&#8221; global_colors_info=&#8221;{}&#8221;]<\/p>\n<h3>30th June<\/h3>\n<p>[\/et_pb_text][et_pb_text _builder_version=&#8221;4.27.0&#8243; _module_preset=&#8221;80b61e8c-8143-4d61-be5e-5d2e7e70aaca&#8221; custom_padding=&#8221;0px||3px||false|false&#8221; locked=&#8221;off&#8221; global_colors_info=&#8221;{}&#8221;]<\/p>\n<p><strong class=\"name\">Operetta Gala<br \/><\/strong><\/p>\n<p>[\/et_pb_text][et_pb_text _builder_version=&#8221;4.27.0&#8243; _module_preset=&#8221;94c98f00-2ebb-440d-806e-45df9b6c7e91&#8243; min_height=&#8221;69.8px&#8221; custom_margin=&#8221;||5px||false|false&#8221; custom_padding=&#8221;||39px|||&#8221; locked=&#8221;off&#8221; global_colors_info=&#8221;{}&#8221;]<\/p>\n<p>\u2500\u2500 Orchestra of the Sorbian National Ensemble<\/p>\n<p>8:00 pm, Germany, Dresden, Neumarkt (open-air)<\/p>\n<p>[\/et_pb_text][et_pb_button button_url=&#8221;https:\/\/www.ansambl.de\/spielplan&#8221; url_new_window=&#8221;on&#8221; button_text=&#8221;Tickets&#8221; _builder_version=&#8221;4.27.0&#8243; _module_preset=&#8221;default&#8221; locked=&#8221;off&#8221; global_colors_info=&#8221;{}&#8221;][\/et_pb_button][et_pb_divider show_divider=&#8221;off&#8221; _builder_version=&#8221;4.27.0&#8243; _module_preset=&#8221;default&#8221; custom_padding=&#8221;||17px|||&#8221; global_colors_info=&#8221;{}&#8221;][\/et_pb_divider][et_pb_text _builder_version=&#8221;4.27.0&#8243; _module_preset=&#8221;cca9d286-5f69-4793-b57a-0681d0486b3d&#8221; locked=&#8221;off&#8221; global_colors_info=&#8221;{}&#8221;]<\/p>\n<h3>28th June<\/h3>\n<p>[\/et_pb_text][et_pb_text _builder_version=&#8221;4.27.0&#8243; _module_preset=&#8221;80b61e8c-8143-4d61-be5e-5d2e7e70aaca&#8221; custom_padding=&#8221;0px||3px||false|false&#8221; locked=&#8221;off&#8221; global_colors_info=&#8221;{}&#8221;]<\/p>\n<p><strong class=\"name\">Folklorefestival<br \/><\/strong><\/p>\n<p>[\/et_pb_text][et_pb_text _builder_version=&#8221;4.27.0&#8243; _module_preset=&#8221;94c98f00-2ebb-440d-806e-45df9b6c7e91&#8243; min_height=&#8221;69.8px&#8221; custom_margin=&#8221;||5px||false|false&#8221; custom_padding=&#8221;||39px|||&#8221; locked=&#8221;off&#8221; global_colors_info=&#8221;{}&#8221;]<\/p>\n<p>\u2500\u2500 Orchestra of the Sorbian National Ensemble<\/p>\n<p>5:00 pm, Germany, Crostwitz, Church<\/p>\n<p>[\/et_pb_text][et_pb_button button_url=&#8221;https:\/\/www.ansambl.de\/spielplan&#8221; url_new_window=&#8221;on&#8221; button_text=&#8221;Tickets&#8221; _builder_version=&#8221;4.27.0&#8243; _module_preset=&#8221;default&#8221; locked=&#8221;off&#8221; global_colors_info=&#8221;{}&#8221;][\/et_pb_button][et_pb_divider show_divider=&#8221;off&#8221; _builder_version=&#8221;4.27.0&#8243; _module_preset=&#8221;default&#8221; custom_padding=&#8221;||17px|||&#8221; global_colors_info=&#8221;{}&#8221;][\/et_pb_divider][et_pb_text _builder_version=&#8221;4.27.0&#8243; _module_preset=&#8221;cca9d286-5f69-4793-b57a-0681d0486b3d&#8221; locked=&#8221;off&#8221; global_colors_info=&#8221;{}&#8221;]<\/p>\n<h3>31st May<\/h3>\n<p>[\/et_pb_text][et_pb_text _builder_version=&#8221;4.27.0&#8243; _module_preset=&#8221;80b61e8c-8143-4d61-be5e-5d2e7e70aaca&#8221; custom_padding=&#8221;0px||3px||false|false&#8221; locked=&#8221;off&#8221; global_colors_info=&#8221;{}&#8221;]<\/p>\n<p><strong class=\"name\">Operetta Gala<br \/><\/strong><\/p>\n<p>[\/et_pb_text][et_pb_text _builder_version=&#8221;4.27.0&#8243; _module_preset=&#8221;94c98f00-2ebb-440d-806e-45df9b6c7e91&#8243; min_height=&#8221;69.8px&#8221; custom_margin=&#8221;||5px||false|false&#8221; custom_padding=&#8221;||39px|||&#8221; locked=&#8221;off&#8221; global_colors_info=&#8221;{}&#8221;]<\/p>\n<p>\u2500\u2500 Orchestra of the Sorbian National Ensemble<\/p>\n<p>Germany, Bautzen, Kornmarkt (open-air)<\/p>\n<p>[\/et_pb_text][et_pb_button button_url=&#8221;https:\/\/www.ansambl.de\/spielplan&#8221; url_new_window=&#8221;on&#8221; button_text=&#8221;Tickets&#8221; _builder_version=&#8221;4.27.0&#8243; _module_preset=&#8221;default&#8221; locked=&#8221;off&#8221; global_colors_info=&#8221;{}&#8221;][\/et_pb_button][et_pb_divider show_divider=&#8221;off&#8221; _builder_version=&#8221;4.27.0&#8243; _module_preset=&#8221;default&#8221; custom_padding=&#8221;||17px|||&#8221; global_colors_info=&#8221;{}&#8221;][\/et_pb_divider][et_pb_text _builder_version=&#8221;4.27.0&#8243; _module_preset=&#8221;cca9d286-5f69-4793-b57a-0681d0486b3d&#8221; locked=&#8221;off&#8221; global_colors_info=&#8221;{}&#8221;]<\/p>\n<h3>25th May<\/h3>\n<p>[\/et_pb_text][et_pb_text _builder_version=&#8221;4.27.0&#8243; _module_preset=&#8221;80b61e8c-8143-4d61-be5e-5d2e7e70aaca&#8221; custom_padding=&#8221;0px||3px||false|false&#8221; locked=&#8221;off&#8221; global_colors_info=&#8221;{}&#8221;]<\/p>\n<p><strong class=\"name\">Symphonic concert (E. Jacquet De La Guerre, W.A. Mozart, D. Kobjela, H. G\u00f3recki)<br \/><\/strong><\/p>\n<p>[\/et_pb_text][et_pb_text _builder_version=&#8221;4.27.0&#8243; _module_preset=&#8221;94c98f00-2ebb-440d-806e-45df9b6c7e91&#8243; min_height=&#8221;69.8px&#8221; custom_margin=&#8221;||5px||false|false&#8221; custom_padding=&#8221;||39px|||&#8221; locked=&#8221;off&#8221; global_colors_info=&#8221;{}&#8221;]<\/p>\n<p>\u2500\u2500 Orchestra of the Sorbian National Ensemble<\/p>\n<p>5:00 pm, Germany, Sorbian National Ensemble Bautzen<\/p>\n<p>[\/et_pb_text][et_pb_button button_url=&#8221;https:\/\/www.ansambl.de\/spielplan&#8221; url_new_window=&#8221;on&#8221; button_text=&#8221;Tickets&#8221; _builder_version=&#8221;4.27.0&#8243; _module_preset=&#8221;default&#8221; locked=&#8221;off&#8221; global_colors_info=&#8221;{}&#8221;][\/et_pb_button][et_pb_divider show_divider=&#8221;off&#8221; _builder_version=&#8221;4.27.0&#8243; _module_preset=&#8221;default&#8221; custom_padding=&#8221;||17px|||&#8221; global_colors_info=&#8221;{}&#8221;][\/et_pb_divider][et_pb_text _builder_version=&#8221;4.27.0&#8243; _module_preset=&#8221;cca9d286-5f69-4793-b57a-0681d0486b3d&#8221; locked=&#8221;off&#8221; global_colors_info=&#8221;{}&#8221;]<\/p>\n<h3>10th May<\/h3>\n<p>[\/et_pb_text][et_pb_text _builder_version=&#8221;4.22.1&#8243; _module_preset=&#8221;80b61e8c-8143-4d61-be5e-5d2e7e70aaca&#8221; custom_padding=&#8221;0px||3px||false|false&#8221; locked=&#8221;off&#8221; global_colors_info=&#8221;{}&#8221;]<\/p>\n<p><strong class=\"name\">Na\u0161a du\u0161a<\/strong> <\/p>\n<p>[\/et_pb_text][et_pb_text _builder_version=&#8221;4.27.0&#8243; _module_preset=&#8221;94c98f00-2ebb-440d-806e-45df9b6c7e91&#8243; min_height=&#8221;69.8px&#8221; custom_margin=&#8221;||5px||false|false&#8221; custom_padding=&#8221;||39px|||&#8221; locked=&#8221;off&#8221; global_colors_info=&#8221;{}&#8221;]<\/p>\n<p>\u2500\u2500 Orchestra of the Sorbian National Ensemble<\/p>\n<p>7:30 pm, Germany, Cottbus, Konservatorium<\/p>\n<p>[\/et_pb_text][et_pb_button button_url=&#8221;https:\/\/www.ansambl.de\/spielplan&#8221; url_new_window=&#8221;on&#8221; button_text=&#8221;Tickets&#8221; _builder_version=&#8221;4.27.0&#8243; _module_preset=&#8221;default&#8221; locked=&#8221;off&#8221; global_colors_info=&#8221;{}&#8221;][\/et_pb_button][et_pb_divider show_divider=&#8221;off&#8221; _builder_version=&#8221;4.27.0&#8243; _module_preset=&#8221;default&#8221; custom_padding=&#8221;||17px|||&#8221; global_colors_info=&#8221;{}&#8221;][\/et_pb_divider][et_pb_text _builder_version=&#8221;4.27.0&#8243; _module_preset=&#8221;cca9d286-5f69-4793-b57a-0681d0486b3d&#8221; locked=&#8221;off&#8221; global_colors_info=&#8221;{}&#8221;]<\/p>\n<h3>26th April<\/h3>\n<p>[\/et_pb_text][et_pb_text _builder_version=&#8221;4.27.0&#8243; _module_preset=&#8221;80b61e8c-8143-4d61-be5e-5d2e7e70aaca&#8221; custom_padding=&#8221;0px||3px||false|false&#8221; locked=&#8221;off&#8221; global_colors_info=&#8221;{}&#8221;]<\/p>\n<p><strong class=\"name\">Symphonic concert (Kobjela, Honegger, Poulenc, Delmas, Debussy)<br \/><\/strong><\/p>\n<p>[\/et_pb_text][et_pb_text _builder_version=&#8221;4.27.7&#8243; _module_preset=&#8221;94c98f00-2ebb-440d-806e-45df9b6c7e91&#8243; min_height=&#8221;69.8px&#8221; custom_margin=&#8221;||5px||false|false&#8221; custom_padding=&#8221;||39px|||&#8221; locked=&#8221;off&#8221; global_colors_info=&#8221;{}&#8221;]<\/p>\n<p>\u2500\u2500 Orchestra of the Sorbian National Ensemble, Violin &#8211; Ludwig Balser<\/p>\n<p>7:30 pm, Germany, Sorbian National Ensemble Bautzen<\/p>\n<p>[\/et_pb_text][et_pb_button button_url=&#8221;https:\/\/www.ansambl.de\/spielplan&#8221; url_new_window=&#8221;on&#8221; button_text=&#8221;Tickets&#8221; _builder_version=&#8221;4.27.0&#8243; _module_preset=&#8221;default&#8221; locked=&#8221;off&#8221; global_colors_info=&#8221;{}&#8221;][\/et_pb_button][et_pb_divider show_divider=&#8221;off&#8221; _builder_version=&#8221;4.27.0&#8243; _module_preset=&#8221;default&#8221; custom_padding=&#8221;||17px|||&#8221; global_colors_info=&#8221;{}&#8221;][\/et_pb_divider][et_pb_text _builder_version=&#8221;4.27.0&#8243; _module_preset=&#8221;cca9d286-5f69-4793-b57a-0681d0486b3d&#8221; locked=&#8221;off&#8221; global_colors_info=&#8221;{}&#8221;]<\/p>\n<h3>19th April<\/h3>\n<p>[\/et_pb_text][et_pb_text _builder_version=&#8221;4.27.0&#8243; _module_preset=&#8221;80b61e8c-8143-4d61-be5e-5d2e7e70aaca&#8221; custom_padding=&#8221;0px||3px||false|false&#8221; locked=&#8221;off&#8221; global_colors_info=&#8221;{}&#8221;]<\/p>\n<p><strong class=\"name\">Folklora<\/strong><\/p>\n<p>[\/et_pb_text][et_pb_text _builder_version=&#8221;4.27.0&#8243; _module_preset=&#8221;94c98f00-2ebb-440d-806e-45df9b6c7e91&#8243; min_height=&#8221;69.8px&#8221; custom_margin=&#8221;||5px||false|false&#8221; custom_padding=&#8221;||39px|||&#8221; locked=&#8221;off&#8221; global_colors_info=&#8221;{}&#8221;]<\/p>\n<p>\u2500\u2500 Orchestra of the Sorbian National Ensemble<\/p>\n<p>6:00 pm, Germany, Sorbian National Ensemble Bautzen<\/p>\n<p>[\/et_pb_text][et_pb_button button_url=&#8221;https:\/\/www.ansambl.de\/spielplan&#8221; url_new_window=&#8221;on&#8221; button_text=&#8221;Tickets&#8221; _builder_version=&#8221;4.27.0&#8243; _module_preset=&#8221;default&#8221; locked=&#8221;off&#8221; global_colors_info=&#8221;{}&#8221;][\/et_pb_button][et_pb_divider show_divider=&#8221;off&#8221; _builder_version=&#8221;4.27.0&#8243; _module_preset=&#8221;default&#8221; custom_padding=&#8221;||17px|||&#8221; global_colors_info=&#8221;{}&#8221;][\/et_pb_divider][et_pb_text _builder_version=&#8221;4.27.0&#8243; _module_preset=&#8221;cca9d286-5f69-4793-b57a-0681d0486b3d&#8221; locked=&#8221;off&#8221; global_colors_info=&#8221;{}&#8221;]<\/p>\n<h3>01st-12th January<\/h3>\n<p>[\/et_pb_text][et_pb_text _builder_version=&#8221;4.27.0&#8243; _module_preset=&#8221;80b61e8c-8143-4d61-be5e-5d2e7e70aaca&#8221; locked=&#8221;off&#8221; global_colors_info=&#8221;{}&#8221;]<\/p>\n<p>New Years Concert<\/p>\n<p>[\/et_pb_text][et_pb_text _builder_version=&#8221;4.27.0&#8243; _module_preset=&#8221;94c98f00-2ebb-440d-806e-45df9b6c7e91&#8243; custom_margin=&#8221;||5px||false|false&#8221; custom_padding=&#8221;||39px|||&#8221; locked=&#8221;off&#8221; global_colors_info=&#8221;{}&#8221;]<\/p>\n<p>\u2500\u2500 Orchestra of the Sorbian National Ensemble<\/p>\n<p>01.01. 4:00 pm, Germany, Erfurt<\/p>\n<p>02.01. 5:00 pm, Germany, Schweinfurt<\/p>\n<p>03.01. 5:00 pm, Germany, Elsenfeld, B\u00fcrgerzentrum<\/p>\n<p>04.01. 8:00 pm, Switzerland, Wil Tonhalle<\/p>\n<p>05.01. 7:30 pm, Germany, Neu-Ilsenburg, Hugennottenhalle<\/p>\n<p>06.01. 7:30 pm, Germany, Neckartenzlingen, Melchior-Festhalle<\/p>\n<p>10.01. 7:00 pm, Germany, Wilthen, Haus Bergland<\/p>\n<p>11.01., 7:30 pm, Germany, Senftenberg, Neue B\u00fchne<\/p>\n<p>12.01., 7:00 pm, Germany, Wei\u00dfenberg<\/p>\n<p>[\/et_pb_text][et_pb_button button_url=&#8221;https:\/\/www.ansambl.de\/spielplan&#8221; url_new_window=&#8221;on&#8221; button_text=&#8221;Tickets&#8221; _builder_version=&#8221;4.27.0&#8243; _module_preset=&#8221;default&#8221; locked=&#8221;off&#8221; global_colors_info=&#8221;{}&#8221;][\/et_pb_button][\/et_pb_column][\/et_pb_row][et_pb_row column_structure=&#8221;2_5,3_5&#8243; module_class=&#8221;event-row&#8221; _builder_version=&#8221;4.19.0&#8243; _module_preset=&#8221;default&#8221; max_width=&#8221;600px&#8221; module_alignment=&#8221;center&#8221; custom_margin=&#8221;|auto|48px|auto||&#8221; custom_padding=&#8221;0px||0px|||&#8221; global_colors_info=&#8221;{}&#8221;][et_pb_column type=&#8221;2_5&#8243; _builder_version=&#8221;4.16&#8243; _module_preset=&#8221;default&#8221; global_colors_info=&#8221;{}&#8221;][et_pb_text _builder_version=&#8221;4.22.1&#8243; _module_preset=&#8221;e813068e-63fe-4fa6-8060-ad98142ef137&#8243; custom_padding=&#8221;32px||||false|false&#8221; sticky_position=&#8221;top&#8221; sticky_limit_bottom=&#8221;row&#8221; global_colors_info=&#8221;{}&#8221;]<\/p>\n<h2>2024<\/h2>\n<p>[\/et_pb_text][\/et_pb_column][et_pb_column type=&#8221;3_5&#8243; _builder_version=&#8221;4.16&#8243; _module_preset=&#8221;default&#8221; global_colors_info=&#8221;{}&#8221;][et_pb_text _builder_version=&#8221;4.27.0&#8243; _module_preset=&#8221;cca9d286-5f69-4793-b57a-0681d0486b3d&#8221; locked=&#8221;off&#8221; global_colors_info=&#8221;{}&#8221;]<\/p>\n<h3>31st December<\/h3>\n<p>[\/et_pb_text][et_pb_text _builder_version=&#8221;4.27.0&#8243; _module_preset=&#8221;80b61e8c-8143-4d61-be5e-5d2e7e70aaca&#8221; locked=&#8221;off&#8221; global_colors_info=&#8221;{}&#8221;]<\/p>\n<p>Silvester Concert<\/p>\n<p>[\/et_pb_text][et_pb_text _builder_version=&#8221;4.27.0&#8243; _module_preset=&#8221;94c98f00-2ebb-440d-806e-45df9b6c7e91&#8243; custom_margin=&#8221;||5px||false|false&#8221; custom_padding=&#8221;||39px|||&#8221; locked=&#8221;off&#8221; global_colors_info=&#8221;{}&#8221;]<\/p>\n<p>\u2500\u2500 Orchestra of the Sorbian National Ensemble<\/p>\n<p>5:30 pm, Germany, SNE Bautzen<\/p>\n<p>7:30 pm, Germany, SNE Bautzen<\/p>\n<p>[\/et_pb_text][et_pb_button button_url=&#8221;https:\/\/www.ansambl.de\/spielplan&#8221; url_new_window=&#8221;on&#8221; button_text=&#8221;Tickets&#8221; _builder_version=&#8221;4.27.0&#8243; _module_preset=&#8221;default&#8221; locked=&#8221;off&#8221; global_colors_info=&#8221;{}&#8221;][\/et_pb_button][et_pb_divider show_divider=&#8221;off&#8221; _builder_version=&#8221;4.27.0&#8243; _module_preset=&#8221;default&#8221; custom_padding=&#8221;||17px|||&#8221; global_colors_info=&#8221;{}&#8221;][\/et_pb_divider][et_pb_text _builder_version=&#8221;4.27.0&#8243; _module_preset=&#8221;cca9d286-5f69-4793-b57a-0681d0486b3d&#8221; locked=&#8221;off&#8221; global_colors_info=&#8221;{}&#8221;]<\/p>\n<h3>22nd December<\/h3>\n<p>[\/et_pb_text][et_pb_text _builder_version=&#8221;4.27.0&#8243; _module_preset=&#8221;80b61e8c-8143-4d61-be5e-5d2e7e70aaca&#8221; custom_padding=&#8221;6px||0px||false|false&#8221; locked=&#8221;off&#8221; global_colors_info=&#8221;{}&#8221;]<\/p>\n<p>Advent concert (P. Tchaikovsky, H. Fritzsche, J. Rawp, A. Dvo\u0159\u00e1k)<\/p>\n<p>[\/et_pb_text][et_pb_text _builder_version=&#8221;4.27.0&#8243; _module_preset=&#8221;94c98f00-2ebb-440d-806e-45df9b6c7e91&#8243; custom_margin=&#8221;||5px||false|false&#8221; custom_padding=&#8221;||39px|||&#8221; locked=&#8221;off&#8221; global_colors_info=&#8221;{}&#8221;]<\/p>\n<p>\u2500\u2500 Orchestra of the Sorbian National Ensemble<\/p>\n<p>05:00 pm, Germany, Radibor, Gastst\u00e4tte Meja<\/p>\n<p>[\/et_pb_text][et_pb_button button_url=&#8221;https:\/\/www.ansambl.de\/repertoire\/konzerte\/an-den-mond&#8221; url_new_window=&#8221;on&#8221; button_text=&#8221;Tickets&#8221; _builder_version=&#8221;4.27.0&#8243; _module_preset=&#8221;default&#8221; locked=&#8221;off&#8221; global_colors_info=&#8221;{}&#8221;][\/et_pb_button][et_pb_divider show_divider=&#8221;off&#8221; _builder_version=&#8221;4.27.0&#8243; _module_preset=&#8221;default&#8221; custom_padding=&#8221;||17px|||&#8221; locked=&#8221;off&#8221; global_colors_info=&#8221;{}&#8221;][\/et_pb_divider][et_pb_text _builder_version=&#8221;4.27.0&#8243; _module_preset=&#8221;cca9d286-5f69-4793-b57a-0681d0486b3d&#8221; locked=&#8221;off&#8221; global_colors_info=&#8221;{}&#8221;]<\/p>\n<h3>15th December<\/h3>\n<p>[\/et_pb_text][et_pb_text _builder_version=&#8221;4.27.0&#8243; _module_preset=&#8221;80b61e8c-8143-4d61-be5e-5d2e7e70aaca&#8221; custom_padding=&#8221;6px||0px||false|false&#8221; locked=&#8221;off&#8221; global_colors_info=&#8221;{}&#8221;]<\/p>\n<p>Advent concert (P. Tchaikovsky, H. Fritzsche, J. Rawp, A. Dvo\u0159\u00e1k)<\/p>\n<p>[\/et_pb_text][et_pb_text _builder_version=&#8221;4.27.0&#8243; _module_preset=&#8221;94c98f00-2ebb-440d-806e-45df9b6c7e91&#8243; custom_margin=&#8221;||5px||false|false&#8221; custom_padding=&#8221;||39px|||&#8221; locked=&#8221;off&#8221; global_colors_info=&#8221;{}&#8221;]<\/p>\n<p>\u2500\u2500 Orchestra of the Sorbian National Ensemble<\/p>\n<p>05:00 pm, Germany, Rietschen, Kulturwerk<\/p>\n<p>[\/et_pb_text][et_pb_button button_url=&#8221;https:\/\/www.ansambl.de\/repertoire\/konzerte\/an-den-mond&#8221; url_new_window=&#8221;on&#8221; button_text=&#8221;Tickets&#8221; _builder_version=&#8221;4.27.0&#8243; _module_preset=&#8221;default&#8221; locked=&#8221;off&#8221; global_colors_info=&#8221;{}&#8221;][\/et_pb_button][et_pb_divider show_divider=&#8221;off&#8221; _builder_version=&#8221;4.27.0&#8243; _module_preset=&#8221;default&#8221; custom_padding=&#8221;||17px|||&#8221; locked=&#8221;off&#8221; global_colors_info=&#8221;{}&#8221;][\/et_pb_divider][et_pb_text _builder_version=&#8221;4.27.0&#8243; _module_preset=&#8221;cca9d286-5f69-4793-b57a-0681d0486b3d&#8221; locked=&#8221;off&#8221; global_colors_info=&#8221;{}&#8221;]<\/p>\n<h3>12th December<\/h3>\n<p>[\/et_pb_text][et_pb_text _builder_version=&#8221;4.27.0&#8243; _module_preset=&#8221;80b61e8c-8143-4d61-be5e-5d2e7e70aaca&#8221; locked=&#8221;off&#8221; global_colors_info=&#8221;{}&#8221;]<\/p>\n<p>Symphonic Concert No.2 (J. Sibelius, L. Bertok, J. Rodrigo)<\/p>\n<p>[\/et_pb_text][et_pb_text _builder_version=&#8221;4.27.7&#8243; _module_preset=&#8221;94c98f00-2ebb-440d-806e-45df9b6c7e91&#8243; custom_margin=&#8221;||5px||false|false&#8221; custom_padding=&#8221;||39px|||&#8221; locked=&#8221;off&#8221; global_colors_info=&#8221;{}&#8221;]<\/p>\n<p>\u2500\u2500 Orchestra of the Sorbian National Ensemble, Soprano &#8211; Romy Petrick, Guitar &#8211; Matteo Hornig<\/p>\n<p>7:30 pm, Germany,\u00a0DSVTh<\/p>\n<p>[\/et_pb_text][et_pb_button button_url=&#8221;https:\/\/www.ansambl.de\/spielplan&#8221; url_new_window=&#8221;on&#8221; button_text=&#8221;Tickets&#8221; _builder_version=&#8221;4.27.0&#8243; _module_preset=&#8221;default&#8221; locked=&#8221;off&#8221; global_colors_info=&#8221;{}&#8221;][\/et_pb_button][et_pb_divider show_divider=&#8221;off&#8221; _builder_version=&#8221;4.27.0&#8243; _module_preset=&#8221;default&#8221; custom_padding=&#8221;||17px|||&#8221; global_colors_info=&#8221;{}&#8221;][\/et_pb_divider][et_pb_text _builder_version=&#8221;4.27.0&#8243; _module_preset=&#8221;cca9d286-5f69-4793-b57a-0681d0486b3d&#8221; locked=&#8221;off&#8221; global_colors_info=&#8221;{}&#8221;]<\/p>\n<h3>08th December<\/h3>\n<p>[\/et_pb_text][et_pb_text _builder_version=&#8221;4.27.0&#8243; _module_preset=&#8221;80b61e8c-8143-4d61-be5e-5d2e7e70aaca&#8221; custom_padding=&#8221;6px||0px||false|false&#8221; locked=&#8221;off&#8221; global_colors_info=&#8221;{}&#8221;]<\/p>\n<p>Advent concert (P. Tchaikovsky, H. Fritzsche, J. Rawp, A. Dvo\u0159\u00e1k)<\/p>\n<p>[\/et_pb_text][et_pb_text _builder_version=&#8221;4.27.0&#8243; _module_preset=&#8221;94c98f00-2ebb-440d-806e-45df9b6c7e91&#8243; custom_margin=&#8221;||5px||false|false&#8221; custom_padding=&#8221;||39px|||&#8221; locked=&#8221;off&#8221; global_colors_info=&#8221;{}&#8221;]<\/p>\n<p>\u2500\u2500 Orchestra of the Sorbian National Ensemble<\/p>\n<p>05:00 pm, Niedersorbisches Gymnasium Cottbus<\/p>\n<p>[\/et_pb_text][et_pb_button button_url=&#8221;https:\/\/www.ansambl.de\/repertoire\/konzerte\/an-den-mond&#8221; url_new_window=&#8221;on&#8221; button_text=&#8221;Tickets&#8221; _builder_version=&#8221;4.27.0&#8243; _module_preset=&#8221;default&#8221; locked=&#8221;off&#8221; global_colors_info=&#8221;{}&#8221;][\/et_pb_button][et_pb_divider show_divider=&#8221;off&#8221; _builder_version=&#8221;4.27.0&#8243; _module_preset=&#8221;default&#8221; custom_padding=&#8221;||17px|||&#8221; global_colors_info=&#8221;{}&#8221;][\/et_pb_divider][et_pb_text _builder_version=&#8221;4.27.0&#8243; _module_preset=&#8221;cca9d286-5f69-4793-b57a-0681d0486b3d&#8221; locked=&#8221;off&#8221; global_colors_info=&#8221;{}&#8221;]<\/p>\n<h3>06th December<\/h3>\n<p>[\/et_pb_text][et_pb_text _builder_version=&#8221;4.27.0&#8243; _module_preset=&#8221;80b61e8c-8143-4d61-be5e-5d2e7e70aaca&#8221; locked=&#8221;off&#8221; global_colors_info=&#8221;{}&#8221;]<\/p>\n<p>Nebelmeer (four world premieres)<\/p>\n<p>[\/et_pb_text][et_pb_text _builder_version=&#8221;4.22.1&#8243; _module_preset=&#8221;94c98f00-2ebb-440d-806e-45df9b6c7e91&#8243; custom_margin=&#8221;||5px||false|false&#8221; custom_padding=&#8221;||39px|||&#8221; locked=&#8221;off&#8221; global_colors_info=&#8221;{}&#8221;]<\/p>\n<p>\u2500\u2500 Sinfonietta Dresden, Perform(d)ance, Acantun Kollektiv<\/p>\n<p>11:00 am, Germany, Straze Greifswald<\/p>\n<p>8:00 pm, Germany, Straze Greifswald<\/p>\n<p>[\/et_pb_text][et_pb_button button_url=&#8221;https:\/\/www.eventim-light.com\/de\/a\/6202392102b70c42fbafa1ba\/&#8221; url_new_window=&#8221;on&#8221; button_text=&#8221;Tickets&#8221; _builder_version=&#8221;4.27.0&#8243; _module_preset=&#8221;default&#8221; locked=&#8221;off&#8221; global_colors_info=&#8221;{}&#8221;][\/et_pb_button][et_pb_divider show_divider=&#8221;off&#8221; _builder_version=&#8221;4.27.0&#8243; _module_preset=&#8221;default&#8221; custom_padding=&#8221;||17px|||&#8221; global_colors_info=&#8221;{}&#8221;][\/et_pb_divider][et_pb_text _builder_version=&#8221;4.27.0&#8243; _module_preset=&#8221;cca9d286-5f69-4793-b57a-0681d0486b3d&#8221; locked=&#8221;off&#8221; global_colors_info=&#8221;{}&#8221;]<\/p>\n<h3>01st December<\/h3>\n<p>[\/et_pb_text][et_pb_text _builder_version=&#8221;4.27.0&#8243; _module_preset=&#8221;80b61e8c-8143-4d61-be5e-5d2e7e70aaca&#8221; custom_padding=&#8221;21px||0px||false|false&#8221; locked=&#8221;off&#8221; global_colors_info=&#8221;{}&#8221;]<\/p>\n<p>Advent concert (P. Tchaikovsky, H. Fritzsche, J. Rawp, A. Dvo\u0159\u00e1k)<\/p>\n<p>[\/et_pb_text][et_pb_text _builder_version=&#8221;4.27.0&#8243; _module_preset=&#8221;94c98f00-2ebb-440d-806e-45df9b6c7e91&#8243; custom_margin=&#8221;||5px||false|false&#8221; custom_padding=&#8221;||39px|||&#8221; locked=&#8221;off&#8221; global_colors_info=&#8221;{}&#8221;]<\/p>\n<p>\u2500\u2500 Orchestra of the Sorbian National Ensemble<\/p>\n<p>05:00 pm, Germany SNE Bautzen<\/p>\n<p>[\/et_pb_text][et_pb_button button_url=&#8221;https:\/\/www.ansambl.de\/repertoire\/konzerte\/an-den-mond&#8221; url_new_window=&#8221;on&#8221; button_text=&#8221;Tickets&#8221; _builder_version=&#8221;4.27.0&#8243; _module_preset=&#8221;default&#8221; locked=&#8221;off&#8221; global_colors_info=&#8221;{}&#8221;][\/et_pb_button][et_pb_divider show_divider=&#8221;off&#8221; _builder_version=&#8221;4.27.0&#8243; _module_preset=&#8221;default&#8221; custom_padding=&#8221;||17px|||&#8221; global_colors_info=&#8221;{}&#8221;][\/et_pb_divider][et_pb_text _builder_version=&#8221;4.27.0&#8243; _module_preset=&#8221;cca9d286-5f69-4793-b57a-0681d0486b3d&#8221; locked=&#8221;off&#8221; global_colors_info=&#8221;{}&#8221;]<\/p>\n<h3>21st November<\/h3>\n<p>[\/et_pb_text][et_pb_text _builder_version=&#8221;4.27.0&#8243; _module_preset=&#8221;80b61e8c-8143-4d61-be5e-5d2e7e70aaca&#8221; locked=&#8221;off&#8221; global_colors_info=&#8221;{}&#8221;]<\/p>\n<p>Nebelmeer (four world premieres)<\/p>\n<p>[\/et_pb_text][et_pb_text _builder_version=&#8221;4.27.0&#8243; _module_preset=&#8221;94c98f00-2ebb-440d-806e-45df9b6c7e91&#8243; custom_margin=&#8221;||5px||false|false&#8221; custom_padding=&#8221;||39px|||&#8221; locked=&#8221;off&#8221; global_colors_info=&#8221;{}&#8221;]<\/p>\n<p>\u2500\u2500 Sinfonietta Dresden, Perform(d)ance, Acantun Kollektiv<\/p>\n<p>11:00 am, Germany, Zentralwerk Pieschen (sold out)<\/p>\n<p>7:30 pm, Germany, Zentralwerk Pieschen<\/p>\n<p>[\/et_pb_text][et_pb_button button_url=&#8221;https:\/\/www.eventim-light.com\/de\/a\/6202392102b70c42fbafa1ba\/&#8221; url_new_window=&#8221;on&#8221; button_text=&#8221;Tickets&#8221; _builder_version=&#8221;4.27.0&#8243; _module_preset=&#8221;default&#8221; locked=&#8221;off&#8221; global_colors_info=&#8221;{}&#8221;][\/et_pb_button][et_pb_divider show_divider=&#8221;off&#8221; _builder_version=&#8221;4.27.0&#8243; _module_preset=&#8221;default&#8221; custom_padding=&#8221;||17px|||&#8221; global_colors_info=&#8221;{}&#8221;][\/et_pb_divider][et_pb_text _builder_version=&#8221;4.27.0&#8243; _module_preset=&#8221;cca9d286-5f69-4793-b57a-0681d0486b3d&#8221; locked=&#8221;off&#8221; global_colors_info=&#8221;{}&#8221;]<\/p>\n<h3>10th November<\/h3>\n<p>[\/et_pb_text][et_pb_text _builder_version=&#8221;4.22.1&#8243; _module_preset=&#8221;80b61e8c-8143-4d61-be5e-5d2e7e70aaca&#8221; locked=&#8221;off&#8221; global_colors_info=&#8221;{}&#8221;]<\/p>\n<p>Film music<\/p>\n<p>[\/et_pb_text][et_pb_text _builder_version=&#8221;4.27.0&#8243; _module_preset=&#8221;94c98f00-2ebb-440d-806e-45df9b6c7e91&#8243; custom_margin=&#8221;||5px||false|false&#8221; custom_padding=&#8221;||39px|||&#8221; locked=&#8221;off&#8221; global_colors_info=&#8221;{}&#8221;]<\/p>\n<p>\u2500\u2500 Orchestra of the Sorbian National Ensemble<\/p>\n<p>4:00 pm, Germany, Freital, Kulturhaus<\/p>\n<p>[\/et_pb_text][et_pb_button button_url=&#8221;https:\/\/kulturhausfreital.reservix.de\/p\/reservix\/event\/2275758&#8243; url_new_window=&#8221;on&#8221; button_text=&#8221;Tickets&#8221; _builder_version=&#8221;4.22.1&#8243; _module_preset=&#8221;default&#8221; locked=&#8221;off&#8221; global_colors_info=&#8221;{}&#8221;][\/et_pb_button][et_pb_divider show_divider=&#8221;off&#8221; _builder_version=&#8221;4.27.0&#8243; _module_preset=&#8221;default&#8221; custom_padding=&#8221;||17px|||&#8221; locked=&#8221;off&#8221; global_colors_info=&#8221;{}&#8221;][\/et_pb_divider][et_pb_text _builder_version=&#8221;4.27.0&#8243; _module_preset=&#8221;cca9d286-5f69-4793-b57a-0681d0486b3d&#8221; locked=&#8221;off&#8221; global_colors_info=&#8221;{}&#8221;]<\/p>\n<h3>02nd November<\/h3>\n<p>[\/et_pb_text][et_pb_text _builder_version=&#8221;4.27.0&#8243; _module_preset=&#8221;80b61e8c-8143-4d61-be5e-5d2e7e70aaca&#8221; locked=&#8221;off&#8221; global_colors_info=&#8221;{}&#8221;]<\/p>\n<p>W\u00f3jna | a | &#8230; (Bjarnat Krawc)<\/p>\n<p>[\/et_pb_text][et_pb_text _builder_version=&#8221;4.27.0&#8243; _module_preset=&#8221;94c98f00-2ebb-440d-806e-45df9b6c7e91&#8243; custom_margin=&#8221;||5px||false|false&#8221; custom_padding=&#8221;||39px|||&#8221; locked=&#8221;off&#8221; global_colors_info=&#8221;{}&#8221;]<\/p>\n<p>\u2500\u2500 Orchestra of the Sorbian National Ensemble<\/p>\n<p>7:00 pm, Germany, <span id=\"event-location-1152\">Landesb\u00fchnen Sachsen<\/span><\/p>\n<p>[\/et_pb_text][et_pb_button button_url=&#8221;https:\/\/www.landesbuehnen-sachsen.de\/spielzeit\/krieg-und-gastspiel-des-sorbischen-nationalensembles\/&#8221; url_new_window=&#8221;on&#8221; button_text=&#8221;Tickets&#8221; _builder_version=&#8221;4.27.0&#8243; _module_preset=&#8221;default&#8221; locked=&#8221;off&#8221; global_colors_info=&#8221;{}&#8221;][\/et_pb_button][et_pb_divider show_divider=&#8221;off&#8221; _builder_version=&#8221;4.27.0&#8243; _module_preset=&#8221;default&#8221; custom_padding=&#8221;||17px|||&#8221; locked=&#8221;off&#8221; global_colors_info=&#8221;{}&#8221;][\/et_pb_divider][et_pb_text _builder_version=&#8221;4.27.0&#8243; _module_preset=&#8221;cca9d286-5f69-4793-b57a-0681d0486b3d&#8221; locked=&#8221;off&#8221; global_colors_info=&#8221;{}&#8221;]<\/p>\n<h3>25th &amp; 26th October<\/h3>\n<p>[\/et_pb_text][et_pb_text _builder_version=&#8221;4.27.0&#8243; _module_preset=&#8221;80b61e8c-8143-4d61-be5e-5d2e7e70aaca&#8221; locked=&#8221;off&#8221; global_colors_info=&#8221;{}&#8221;]<\/p>\n<p>Prom (interlude)<\/p>\n<p>[\/et_pb_text][et_pb_text _builder_version=&#8221;4.27.0&#8243; _module_preset=&#8221;94c98f00-2ebb-440d-806e-45df9b6c7e91&#8243; custom_margin=&#8221;||5px||false|false&#8221; custom_padding=&#8221;||39px|||&#8221; locked=&#8221;off&#8221; global_colors_info=&#8221;{}&#8221;]<\/p>\n<p>\u2500\u2500 Orchestra of the Sorbian National Ensemble<\/p>\n<p>25.10. 7:30 pm, Germany, <span id=\"event-location-1152\">DSVTh Bautzen<br \/>26.10. 7:30 pm, Germany, DSVTh Bautzen<br \/><\/span><\/p>\n<p>[\/et_pb_text][et_pb_button button_url=&#8221;https:\/\/www.ansambl.de\/repertoire\/einzelveranstaltungen\/buehnenball&#8221; url_new_window=&#8221;on&#8221; button_text=&#8221;Tickets&#8221; _builder_version=&#8221;4.27.0&#8243; _module_preset=&#8221;default&#8221; locked=&#8221;off&#8221; global_colors_info=&#8221;{}&#8221;][\/et_pb_button][et_pb_text _builder_version=&#8221;4.27.0&#8243; _module_preset=&#8221;cca9d286-5f69-4793-b57a-0681d0486b3d&#8221; locked=&#8221;off&#8221; global_colors_info=&#8221;{}&#8221;]<\/p>\n<h3>20nd October<\/h3>\n<p>[\/et_pb_text][et_pb_text _builder_version=&#8221;4.27.0&#8243; _module_preset=&#8221;80b61e8c-8143-4d61-be5e-5d2e7e70aaca&#8221; locked=&#8221;off&#8221; global_colors_info=&#8221;{}&#8221;]<\/p>\n<p>Symphonic Concert (S. Rachmaninoff, B. Kracw, J. Pilk)<\/p>\n<p>[\/et_pb_text][et_pb_text _builder_version=&#8221;4.27.0&#8243; _module_preset=&#8221;94c98f00-2ebb-440d-806e-45df9b6c7e91&#8243; custom_margin=&#8221;||5px||false|false&#8221; custom_padding=&#8221;||39px|||&#8221; locked=&#8221;off&#8221; global_colors_info=&#8221;{}&#8221;]<\/p>\n<p>\u2500\u2500 Orchestra of the Sorbian National Ensemble<\/p>\n<p>5:00 pm, Germany, <span id=\"event-location-1152\">SNE Bautzen<\/span><\/p>\n<p>[\/et_pb_text][et_pb_button button_url=&#8221;https:\/\/ansambl.eventim-inhouse.de\/webshop\/webticket\/eventlist&#8221; url_new_window=&#8221;on&#8221; button_text=&#8221;Tickets&#8221; _builder_version=&#8221;4.27.0&#8243; _module_preset=&#8221;default&#8221; locked=&#8221;off&#8221; global_colors_info=&#8221;{}&#8221;][\/et_pb_button][et_pb_divider show_divider=&#8221;off&#8221; _builder_version=&#8221;4.27.0&#8243; _module_preset=&#8221;default&#8221; custom_padding=&#8221;||17px|||&#8221; locked=&#8221;off&#8221; global_colors_info=&#8221;{}&#8221;][\/et_pb_divider][et_pb_text _builder_version=&#8221;4.27.0&#8243; _module_preset=&#8221;cca9d286-5f69-4793-b57a-0681d0486b3d&#8221; locked=&#8221;off&#8221; global_colors_info=&#8221;{}&#8221;]<\/p>\n<h3>19th October<\/h3>\n<p>[\/et_pb_text][et_pb_text _builder_version=&#8221;4.27.0&#8243; _module_preset=&#8221;80b61e8c-8143-4d61-be5e-5d2e7e70aaca&#8221; locked=&#8221;off&#8221; global_colors_info=&#8221;{}&#8221;]<\/p>\n<p>Geschichten vom Wasser (Paul Hoorn)<\/p>\n<p>[\/et_pb_text][et_pb_text _builder_version=&#8221;4.27.0&#8243; _module_preset=&#8221;94c98f00-2ebb-440d-806e-45df9b6c7e91&#8243; custom_margin=&#8221;||5px||false|false&#8221; custom_padding=&#8221;||39px|||&#8221; locked=&#8221;off&#8221; global_colors_info=&#8221;{}&#8221;]<\/p>\n<p>\u2500\u2500 Orchestra of the Sorbian National Ensemble<\/p>\n<p>7:30 pm, Germany, <span id=\"event-location-1152\">Cottbus Kammerb\u00fchne<br \/><\/span><\/p>\n<p>[\/et_pb_text][et_pb_button button_url=&#8221;https:\/\/www.ansambl.de\/repertoire\/tanztheater-musiktheater\/geschichten-vom-wasser&#8221; url_new_window=&#8221;on&#8221; button_text=&#8221;Tickets&#8221; _builder_version=&#8221;4.27.0&#8243; _module_preset=&#8221;default&#8221; locked=&#8221;off&#8221; global_colors_info=&#8221;{}&#8221;][\/et_pb_button][et_pb_divider show_divider=&#8221;off&#8221; _builder_version=&#8221;4.27.0&#8243; _module_preset=&#8221;default&#8221; custom_padding=&#8221;||17px|||&#8221; locked=&#8221;off&#8221; global_colors_info=&#8221;{}&#8221;][\/et_pb_divider][et_pb_text _builder_version=&#8221;4.27.0&#8243; _module_preset=&#8221;cca9d286-5f69-4793-b57a-0681d0486b3d&#8221; locked=&#8221;off&#8221; global_colors_info=&#8221;{}&#8221;]<\/p>\n<h3>06th October<\/h3>\n<p>[\/et_pb_text][et_pb_text _builder_version=&#8221;4.27.0&#8243; _module_preset=&#8221;80b61e8c-8143-4d61-be5e-5d2e7e70aaca&#8221; locked=&#8221;off&#8221; global_colors_info=&#8221;{}&#8221;]<\/p>\n<p>Geschichten vom Wasser (Paul Hoorn)<\/p>\n<p>[\/et_pb_text][et_pb_text _builder_version=&#8221;4.27.0&#8243; _module_preset=&#8221;94c98f00-2ebb-440d-806e-45df9b6c7e91&#8243; custom_margin=&#8221;||5px||false|false&#8221; custom_padding=&#8221;||39px|||&#8221; locked=&#8221;off&#8221; global_colors_info=&#8221;{}&#8221;]<\/p>\n<p>\u2500\u2500 Orchestra of the Sorbian National Ensemble<\/p>\n<p>5:00 pm, Germany, <span id=\"event-location-1152\">SNE Bautzen<\/span><\/p>\n<p>[\/et_pb_text][et_pb_button button_url=&#8221;https:\/\/www.ansambl.de\/repertoire\/tanztheater-musiktheater\/geschichten-vom-wasser&#8221; url_new_window=&#8221;on&#8221; button_text=&#8221;Tickets&#8221; _builder_version=&#8221;4.27.0&#8243; _module_preset=&#8221;default&#8221; locked=&#8221;off&#8221; global_colors_info=&#8221;{}&#8221;][\/et_pb_button][et_pb_divider show_divider=&#8221;off&#8221; _builder_version=&#8221;4.27.0&#8243; _module_preset=&#8221;default&#8221; custom_padding=&#8221;||17px|||&#8221; global_colors_info=&#8221;{}&#8221;][\/et_pb_divider][et_pb_text _builder_version=&#8221;4.27.0&#8243; _module_preset=&#8221;cca9d286-5f69-4793-b57a-0681d0486b3d&#8221; locked=&#8221;off&#8221; global_colors_info=&#8221;{}&#8221;]<\/p>\n<h3>05th October<\/h3>\n<p>[\/et_pb_text][et_pb_text _builder_version=&#8221;4.27.0&#8243; _module_preset=&#8221;80b61e8c-8143-4d61-be5e-5d2e7e70aaca&#8221; locked=&#8221;off&#8221; global_colors_info=&#8221;{}&#8221;]<\/p>\n<p>Geschichten vom Wasser (Paul Hoorn)<\/p>\n<p>[\/et_pb_text][et_pb_text _builder_version=&#8221;4.27.0&#8243; _module_preset=&#8221;94c98f00-2ebb-440d-806e-45df9b6c7e91&#8243; custom_margin=&#8221;||5px||false|false&#8221; custom_padding=&#8221;||39px|||&#8221; locked=&#8221;off&#8221; global_colors_info=&#8221;{}&#8221;]<\/p>\n<p>\u2500\u2500 Orchestra of the Sorbian National Ensemble<\/p>\n<p>7:30 pm, Germany, <span id=\"event-location-1152\">SNE Bautzen<\/span><\/p>\n<p>[\/et_pb_text][et_pb_button button_url=&#8221;https:\/\/www.ansambl.de\/repertoire\/tanztheater-musiktheater\/geschichten-vom-wasser&#8221; url_new_window=&#8221;on&#8221; button_text=&#8221;Tickets&#8221; _builder_version=&#8221;4.27.0&#8243; _module_preset=&#8221;default&#8221; locked=&#8221;off&#8221; global_colors_info=&#8221;{}&#8221;][\/et_pb_button][et_pb_divider show_divider=&#8221;off&#8221; _builder_version=&#8221;4.27.0&#8243; _module_preset=&#8221;default&#8221; custom_padding=&#8221;||17px|||&#8221; global_colors_info=&#8221;{}&#8221;][\/et_pb_divider][et_pb_text _builder_version=&#8221;4.27.0&#8243; _module_preset=&#8221;cca9d286-5f69-4793-b57a-0681d0486b3d&#8221; locked=&#8221;off&#8221; global_colors_info=&#8221;{}&#8221;]<\/p>\n<h3>28th September<\/h3>\n<p>[\/et_pb_text][et_pb_text _builder_version=&#8221;4.27.0&#8243; _module_preset=&#8221;80b61e8c-8143-4d61-be5e-5d2e7e70aaca&#8221; locked=&#8221;off&#8221; global_colors_info=&#8221;{}&#8221;]<\/p>\n<p>World premiere &#8211; Geschichten vom Wasser (Paul Hoorn)<\/p>\n<p>[\/et_pb_text][et_pb_text _builder_version=&#8221;4.27.0&#8243; _module_preset=&#8221;94c98f00-2ebb-440d-806e-45df9b6c7e91&#8243; custom_margin=&#8221;||5px||false|false&#8221; custom_padding=&#8221;||39px|||&#8221; locked=&#8221;off&#8221; global_colors_info=&#8221;{}&#8221;]<\/p>\n<p>\u2500\u2500 Orchestra of the Sorbian National Ensemble<\/p>\n<p>7:30 pm, Germany, <span id=\"event-location-1152\">SNE Bautzen<\/span><\/p>\n<p>[\/et_pb_text][et_pb_button button_url=&#8221;https:\/\/www.ansambl.de\/repertoire\/tanztheater-musiktheater\/geschichten-vom-wasser&#8221; url_new_window=&#8221;on&#8221; button_text=&#8221;Tickets (remaining tickets)&#8221; _builder_version=&#8221;4.27.0&#8243; _module_preset=&#8221;default&#8221; locked=&#8221;off&#8221; global_colors_info=&#8221;{}&#8221;][\/et_pb_button][et_pb_divider show_divider=&#8221;off&#8221; _builder_version=&#8221;4.27.0&#8243; _module_preset=&#8221;default&#8221; custom_padding=&#8221;||17px|||&#8221; global_colors_info=&#8221;{}&#8221;][\/et_pb_divider][et_pb_text _builder_version=&#8221;4.27.0&#8243; _module_preset=&#8221;cca9d286-5f69-4793-b57a-0681d0486b3d&#8221; locked=&#8221;off&#8221; global_colors_info=&#8221;{}&#8221;]<\/p>\n<h3>15th September<\/h3>\n<p>[\/et_pb_text][et_pb_text _builder_version=&#8221;4.22.1&#8243; _module_preset=&#8221;80b61e8c-8143-4d61-be5e-5d2e7e70aaca&#8221; locked=&#8221;off&#8221; global_colors_info=&#8221;{}&#8221;]<\/p>\n<p>Film music<\/p>\n<p>[\/et_pb_text][et_pb_text _builder_version=&#8221;4.27.0&#8243; _module_preset=&#8221;94c98f00-2ebb-440d-806e-45df9b6c7e91&#8243; custom_margin=&#8221;||5px||false|false&#8221; custom_padding=&#8221;||39px|||&#8221; locked=&#8221;off&#8221; global_colors_info=&#8221;{}&#8221;]<\/p>\n<p>\u2500\u2500 Orchestra of the Sorbian National Ensemble<\/p>\n<p>7:00 pm, Germany, Wilthen, Haus Bergland<\/p>\n<p>[\/et_pb_text][et_pb_button button_url=&#8221;https:\/\/www.ansambl.de\/spielplan&#8221; url_new_window=&#8221;on&#8221; button_text=&#8221;Tickets&#8221; _builder_version=&#8221;4.22.1&#8243; _module_preset=&#8221;default&#8221; locked=&#8221;off&#8221; global_colors_info=&#8221;{}&#8221;][\/et_pb_button][et_pb_divider show_divider=&#8221;off&#8221; _builder_version=&#8221;4.27.0&#8243; _module_preset=&#8221;default&#8221; custom_padding=&#8221;||17px|||&#8221; global_colors_info=&#8221;{}&#8221;][\/et_pb_divider][et_pb_text _builder_version=&#8221;4.27.0&#8243; _module_preset=&#8221;cca9d286-5f69-4793-b57a-0681d0486b3d&#8221; locked=&#8221;off&#8221; global_colors_info=&#8221;{}&#8221;]<\/p>\n<h3>17th August<\/h3>\n<p>[\/et_pb_text][et_pb_text _builder_version=&#8221;4.22.1&#8243; _module_preset=&#8221;80b61e8c-8143-4d61-be5e-5d2e7e70aaca&#8221; locked=&#8221;off&#8221; global_colors_info=&#8221;{}&#8221;]<\/p>\n<p>Carmina Burana<\/p>\n<p>[\/et_pb_text][et_pb_text _builder_version=&#8221;4.27.0&#8243; _module_preset=&#8221;94c98f00-2ebb-440d-806e-45df9b6c7e91&#8243; custom_margin=&#8221;||5px||false|false&#8221; custom_padding=&#8221;||39px|||&#8221; locked=&#8221;off&#8221; global_colors_info=&#8221;{}&#8221;]<\/p>\n<p>\u2500\u2500 Orchestra of the Sorbian National Ensemble<\/p>\n<p>8:00 pm, Germany, Mortka, Jakubzburg<\/p>\n<p>[\/et_pb_text][et_pb_button button_url=&#8221;https:\/\/www.ansambl.de\/spielplan&#8221; url_new_window=&#8221;on&#8221; button_text=&#8221;Tickets&#8221; _builder_version=&#8221;4.22.1&#8243; _module_preset=&#8221;default&#8221; global_colors_info=&#8221;{}&#8221;][\/et_pb_button][et_pb_divider show_divider=&#8221;off&#8221; _builder_version=&#8221;4.27.0&#8243; _module_preset=&#8221;default&#8221; custom_padding=&#8221;||17px|||&#8221; global_colors_info=&#8221;{}&#8221;][\/et_pb_divider][et_pb_text _builder_version=&#8221;4.27.0&#8243; _module_preset=&#8221;cca9d286-5f69-4793-b57a-0681d0486b3d&#8221; locked=&#8221;off&#8221; global_colors_info=&#8221;{}&#8221;]<\/p>\n<h3>15th August<\/h3>\n<p>[\/et_pb_text][et_pb_text _builder_version=&#8221;4.22.1&#8243; _module_preset=&#8221;80b61e8c-8143-4d61-be5e-5d2e7e70aaca&#8221; locked=&#8221;off&#8221; global_colors_info=&#8221;{}&#8221;]<\/p>\n<p>Film music<\/p>\n<p>[\/et_pb_text][et_pb_text _builder_version=&#8221;4.27.0&#8243; _module_preset=&#8221;94c98f00-2ebb-440d-806e-45df9b6c7e91&#8243; custom_margin=&#8221;||5px||false|false&#8221; custom_padding=&#8221;||39px|||&#8221; locked=&#8221;off&#8221; global_colors_info=&#8221;{}&#8221;]<\/p>\n<p>\u2500\u2500 Orchestra of the Sorbian National Ensemble<\/p>\n<p>8:00 pm, Germany, Dresden, Ostra-Dome<\/p>\n<p>[\/et_pb_text][et_pb_button button_url=&#8221;https:\/\/www.ansambl.de\/spielplan&#8221; url_new_window=&#8221;on&#8221; button_text=&#8221;Tickets&#8221; _builder_version=&#8221;4.22.1&#8243; _module_preset=&#8221;default&#8221; global_colors_info=&#8221;{}&#8221;][\/et_pb_button][et_pb_divider show_divider=&#8221;off&#8221; _builder_version=&#8221;4.27.0&#8243; _module_preset=&#8221;default&#8221; custom_padding=&#8221;||17px|||&#8221; global_colors_info=&#8221;{}&#8221;][\/et_pb_divider][et_pb_text _builder_version=&#8221;4.27.0&#8243; _module_preset=&#8221;cca9d286-5f69-4793-b57a-0681d0486b3d&#8221; locked=&#8221;off&#8221; global_colors_info=&#8221;{}&#8221;]<\/p>\n<h3>11th August<\/h3>\n<p>[\/et_pb_text][et_pb_text _builder_version=&#8221;4.22.1&#8243; _module_preset=&#8221;80b61e8c-8143-4d61-be5e-5d2e7e70aaca&#8221; locked=&#8221;off&#8221; global_colors_info=&#8221;{}&#8221;]<\/p>\n<p><strong class=\"name\">Na\u0161a du\u0161a<\/strong> <\/p>\n<p>[\/et_pb_text][et_pb_text _builder_version=&#8221;4.27.0&#8243; _module_preset=&#8221;94c98f00-2ebb-440d-806e-45df9b6c7e91&#8243; min_height=&#8221;69.8px&#8221; custom_margin=&#8221;||5px||false|false&#8221; custom_padding=&#8221;||39px|||&#8221; locked=&#8221;off&#8221; global_colors_info=&#8221;{}&#8221;]<\/p>\n<p>\u2500\u2500 Orchestra of the Sorbian National Ensemble<\/p>\n<p>5:00 pm, Germany, Lieberose, B\u00fcrgerzentrum &#8220;Darre&#8221;<\/p>\n<p>[\/et_pb_text][et_pb_button button_url=&#8221;https:\/\/www.ansambl.de\/spielplan&#8221; url_new_window=&#8221;on&#8221; button_text=&#8221;Tickets&#8221; _builder_version=&#8221;4.22.1&#8243; _module_preset=&#8221;default&#8221; global_colors_info=&#8221;{}&#8221;][\/et_pb_button][\/et_pb_column][\/et_pb_row][\/et_pb_section]<\/p>\n","protected":false},"excerpt":{"rendered":"<p>202715th MaySummer operetta\u2500\u2500 Sorbian Chamber Philharmonic 7:30 pm, Bautzen, Sorbian National Ensemble9th MayFourth Symphonic Concert Korla Awgust Kocor \u201eJakub a Kata\u201c Ouverture Kurt Karnauke\u201eDanse Phantastiques\u201c Heitor Villa-LobosConcert for guitar and small orchestra Felix Mendelssohn Bartholdy\u201eEin Sommernachtstraum\u201c\u2500\u2500 Sorbian Chamber Philharmonic, Guitar &#8211; Matteo H\u00f3rnig, Soprano &#8211; Nela Drozdov\u00e1 05:00 pm, Bautzen, Sorbian National Ensemble17th AprilString Serenade\u2500\u2500 [&hellip;]<\/p>\n","protected":false},"author":1,"featured_media":0,"parent":0,"menu_order":0,"comment_status":"closed","ping_status":"closed","template":"","meta":{"_et_pb_use_builder":"on","_et_pb_old_content":"","_et_gb_content_width":"","_monsterinsights_skip_tracking":false,"footnotes":""},"class_list":["post-372","page","type-page","status-publish","hentry"],"_links":{"self":[{"href":"https:\/\/katharina-dickopf.de\/en\/wp-json\/wp\/v2\/pages\/372","targetHints":{"allow":["GET"]}}],"collection":[{"href":"https:\/\/katharina-dickopf.de\/en\/wp-json\/wp\/v2\/pages"}],"about":[{"href":"https:\/\/katharina-dickopf.de\/en\/wp-json\/wp\/v2\/types\/page"}],"author":[{"embeddable":true,"href":"https:\/\/katharina-dickopf.de\/en\/wp-json\/wp\/v2\/users\/1"}],"replies":[{"embeddable":true,"href":"https:\/\/katharina-dickopf.de\/en\/wp-json\/wp\/v2\/comments?post=372"}],"version-history":[{"count":17,"href":"https:\/\/katharina-dickopf.de\/en\/wp-json\/wp\/v2\/pages\/372\/revisions"}],"predecessor-version":[{"id":1883,"href":"https:\/\/katharina-dickopf.de\/en\/wp-json\/wp\/v2\/pages\/372\/revisions\/1883"}],"wp:attachment":[{"href":"https:\/\/katharina-dickopf.de\/en\/wp-json\/wp\/v2\/media?parent=372"}],"curies":[{"name":"wp","href":"https:\/\/api.w.org\/{rel}","templated":true}]}}